{"id":3224,"date":"2025-02-12T13:24:40","date_gmt":"2025-02-12T16:24:40","guid":{"rendered":"https:\/\/atos.campobom.rs.gov.br\/?page_id=3224"},"modified":"2026-01-22T13:06:29","modified_gmt":"2026-01-22T16:06:29","slug":"processo-seletivo-ano-2025","status":"publish","type":"page","link":"https:\/\/publicacoes.campobom.rs.gov.br\/?page_id=3224","title":{"rendered":"Processo seletivo ano 2025"},"content":{"rendered":"\t\t<div data-elementor-type=\"wp-page\" data-elementor-id=\"3224\" class=\"elementor elementor-3224\">\n\t\t\t\t\t\t<section class=\"elementor-section elementor-top-section elementor-element elementor-element-80327d5 elementor-section-boxed elementor-section-height-default elementor-section-height-default wpr-particle-no wpr-jarallax-no wpr-parallax-no wpr-equal-height-no\" data-id=\"80327d5\" data-element_type=\"section\" data-e-type=\"section\">\n\t\t\t\t\t\t<div class=\"elementor-container elementor-column-gap-default\">\n\t\t\t\t\t<div class=\"elementor-column elementor-col-100 elementor-top-column elementor-element elementor-element-e2e3672\" data-id=\"e2e3672\" data-element_type=\"column\" data-e-type=\"column\">\n\t\t\t<div class=\"elementor-widget-wrap elementor-element-populated\">\n\t\t\t\t\t\t<div class=\"elementor-element elementor-element-ece9972 elementor-widget elementor-widget-heading\" data-id=\"ece9972\" data-element_type=\"widget\" data-e-type=\"widget\" data-widget_type=\"heading.default\">\n\t\t\t\t<div class=\"elementor-widget-container\">\n\t\t\t\t\t<h2 class=\"elementor-heading-title elementor-size-default\">Ano 2025<\/h2>\t\t\t\t<\/div>\n\t\t\t\t<\/div>\n\t\t\t\t<div class=\"elementor-element elementor-element-50c6dc7 wpr-advanced-accordion-icon-side-box elementor-widget elementor-widget-wpr-advanced-accordion\" data-id=\"50c6dc7\" data-element_type=\"widget\" data-e-type=\"widget\" data-settings=\"{&quot;active_item&quot;:0}\" data-widget_type=\"wpr-advanced-accordion.default\">\n\t\t\t\t<div class=\"elementor-widget-container\">\n\t\t\t\t\t\n            <div class=\"wpr-advanced-accordion\" data-accordion-type=\"accordion\" data-active-index=\"0\" data-accordion-trigger=\"click\" data-interaction-speed=\"0.4\">\n\n\t\t\t\n                \n\t\t\t\t\t<div class=\"wpr-accordion-item-wrap\">\n\t\t\t\t\t\t<button class=\"wpr-acc-button\">\n\t\t\t\t\t\t\t<span class=\"wpr-acc-item-title\">\n\t\t\t\t\t\t\t\t\t\t\t\t\t\t\t\t\t<div class=\"wpr-acc-icon-box\">\n\t\t\t\t\t\t\t\t\t\t\t\t\t\t<span class=\"wpr-title-icon\">\n\t\t\t\t\t<i aria-hidden=\"true\" class=\"far fa-edit\"><\/i>\t\t\t\t<\/span>\n\t\t\t\t\t\t\t\t\t\t\t\t<\/div>\n\t\t\t\t\t\t\t\t\n\t\t\t\t\t\t\t\t<span class=\"wpr-acc-title-text\">Processo Seletivo n\u00ba 01 - SMEC<\/span>\n\t\t\t\t\t\t\t<\/span>\n\t\t\t\t\t\t\t\t\t\t\t<span class=\"wpr-toggle-icon wpr-ti-close\"><i aria-hidden=\"true\" class=\"fas fa-plus\"><\/i><\/span>\n\t\t\t\t<span class=\"wpr-toggle-icon wpr-ti-open\"><i aria-hidden=\"true\" class=\"fas fa-minus\"><\/i><\/span>\n\t\t\t\t\t\t\t\t\t<\/button>\n\n\t\t\t\t\t\t<div class=\"wpr-acc-panel\">\n\t\t\t\t\t\t\t\t\t\t\t\t\t\t\t<div class=\"wpr-acc-panel-content\"><p><a href=\"\/wp-content\/uploads\/PROCESSOSELETIVO\/2025\/Processo-Seletivo-n\u00ba-01-SMEC\/Edital-de-Abertura-no-01.pdf\" target=\"_blank\" rel=\"noopener\">Edital de Abertura n\u00ba 01\/2025<\/a><\/p><p><a href=\"\/wp-content\/uploads\/PROCESSOSELETIVO\/2025\/Processo-Seletivo-n\u00ba-01-SMEC\/Edital-no-02_retifica-edital-de-abertura.pdf\" target=\"_blank\" rel=\"noopener\">Edital n\u00ba 02\/2025 - Retifica Edital de Abertura n\u00ba 01\/2025<\/a><\/p><p><a href=\"\/wp-content\/uploads\/PROCESSOSELETIVO\/2025\/Processo-Seletivo-n\u00ba-01-SMEC\/Edital-no-03_Lista-de-inscritos-preliminar.pdf\" target=\"_blank\" rel=\"noopener\">Edital n\u00ba 03\/2025 - Divulga Lista Preliminar de Inscritos<\/a><\/p><p><a href=\"\/wp-content\/uploads\/PROCESSOSELETIVO\/2025\/Processo-Seletivo-n\u00ba-01-SMEC\/Edital-no-04-Classificacao-Final.pdf\" target=\"_blank\" rel=\"noopener\">Edital n\u00ba 04\/2025 - Divulga Resultado Final<\/a><\/p><p><a href=\"\/wp-content\/uploads\/PROCESSOSELETIVO\/2025\/Processo-Seletivo-n\u00ba-01-SMEC\/Edital-no-05-Retifica-a-Classificacao-Final.pdf\" target=\"_blank\" rel=\"noopener\">Edital n\u00ba 05\/2025 - Retifica Edital n\u00ba 04 que divulgou o Resultado Final<\/a><\/p><p><a href=\"\/wp-content\/uploads\/PROCESSOSELETIVO\/2025\/Processo-Seletivo-n\u00ba-01-SMEC\/Edital-no-06-Retifica-a-Classificacao-Final.pdf\" target=\"_blank\" rel=\"noopener\">Edital n\u00ba 06\/2025 - Retifica Edital n\u00ba 05 que divulgou o Resultado Final<\/a><\/p><p><a href=\"\/wp-content\/uploads\/PROCESSOSELETIVO\/2025\/Processo-Seletivo-n\u00ba-01-SMEC\/Edital-no-07_retifica-anexo-I-do-edital-de-abertura.pdf\" target=\"_blank\" rel=\"noopener\">Edital n\u00ba 07\/2025 - Retifica Anexo I do Edital de Abertura n\u00ba 01\/2025<\/a><\/p><\/div>\n\t\t\t\t\t\t\t\t\t\t\t\t\t<\/div>\n                    <\/div>\n\n                \n\t\t\t\t\t<div class=\"wpr-accordion-item-wrap\">\n\t\t\t\t\t\t<button class=\"wpr-acc-button\">\n\t\t\t\t\t\t\t<span class=\"wpr-acc-item-title\">\n\t\t\t\t\t\t\t\t\t\t\t\t\t\t\t\t\t<div class=\"wpr-acc-icon-box\">\n\t\t\t\t\t\t\t\t\t\t\t\t\t\t<span class=\"wpr-title-icon\">\n\t\t\t\t\t<i aria-hidden=\"true\" class=\"far fa-edit\"><\/i>\t\t\t\t<\/span>\n\t\t\t\t\t\t\t\t\t\t\t\t<\/div>\n\t\t\t\t\t\t\t\t\n\t\t\t\t\t\t\t\t<span class=\"wpr-acc-title-text\">Processo Seletivo n\u00ba 02 - Estagi\u00e1rios SMEC e ADM<\/span>\n\t\t\t\t\t\t\t<\/span>\n\t\t\t\t\t\t\t\t\t\t\t<span class=\"wpr-toggle-icon wpr-ti-close\"><i aria-hidden=\"true\" class=\"fas fa-plus\"><\/i><\/span>\n\t\t\t\t<span class=\"wpr-toggle-icon wpr-ti-open\"><i aria-hidden=\"true\" class=\"fas fa-minus\"><\/i><\/span>\n\t\t\t\t\t\t\t\t\t<\/button>\n\n\t\t\t\t\t\t<div class=\"wpr-acc-panel\">\n\t\t\t\t\t\t\t\t\t\t\t\t\t\t\t<div class=\"wpr-acc-panel-content\"><p><a href=\"\/wp-content\/uploads\/PROCESSOSELETIVO\/2025\/Processo-Seletivo-n\u00ba-02-Estagi\u00e1rios-SMEC-e-ADM\/Edital-de-Abertura-no-01.2025.pdf\" target=\"_blank\" rel=\"noopener\">Edital de Abertura n\u00ba 01\/2025<\/a><\/p><p><a href=\"\/wp-content\/uploads\/PROCESSOSELETIVO\/2025\/Processo-Seletivo-n\u00ba-02-Estagi\u00e1rios-SMEC-e-ADM\/Edital-no-02.2025-prorroga-inscricoes.pdf\" target=\"_blank\" rel=\"noopener\">Edital n\u00ba 02\/2025 - Prorroga Inscri\u00e7\u00f5es<\/a><\/p><p><a href=\"\/wp-content\/uploads\/PROCESSOSELETIVO\/2025\/Processo-Seletivo-n\u00ba-02-Estagi\u00e1rios-SMEC-e-ADM\/Edital-no-03.2025-Divulga-Classificacao-Final.pdf\" target=\"_blank\" rel=\"noopener\">Edital n\u00ba 03\/2025 - Divulga Classifica\u00e7\u00e3o Final<\/a><\/p><p><a href=\"\/wp-content\/uploads\/PROCESSOSELETIVO\/2025\/Processo-Seletivo-n\u00ba-02-Estagi\u00e1rios-SMEC-e-ADM\/Edital-no-04.2025-Retifica-Edital-no-03-que-divulgou-a-Classificacao-Final.pdf\" target=\"_blank\" rel=\"noopener\">Edital n\u00ba 04\/2025 - Retifica Edital n\u00ba 03 que divulgou a Classifica\u00e7\u00e3o Final<\/a><\/p><\/div>\n\t\t\t\t\t\t\t\t\t\t\t\t\t<\/div>\n                    <\/div>\n\n                \n\t\t\t\t\t<div class=\"wpr-accordion-item-wrap\">\n\t\t\t\t\t\t<button class=\"wpr-acc-button\">\n\t\t\t\t\t\t\t<span class=\"wpr-acc-item-title\">\n\t\t\t\t\t\t\t\t\t\t\t\t\t\t\t\t\t<div class=\"wpr-acc-icon-box\">\n\t\t\t\t\t\t\t\t\t\t\t\t\t\t<span class=\"wpr-title-icon\">\n\t\t\t\t\t<i aria-hidden=\"true\" class=\"far fa-edit\"><\/i>\t\t\t\t<\/span>\n\t\t\t\t\t\t\t\t\t\t\t\t<\/div>\n\t\t\t\t\t\t\t\t\n\t\t\t\t\t\t\t\t<span class=\"wpr-acc-title-text\">Processo Seletivo n\u00ba 03 - Estagi\u00e1rios Farm\u00e1cia<\/span>\n\t\t\t\t\t\t\t<\/span>\n\t\t\t\t\t\t\t\t\t\t\t<span class=\"wpr-toggle-icon wpr-ti-close\"><i aria-hidden=\"true\" class=\"fas fa-plus\"><\/i><\/span>\n\t\t\t\t<span class=\"wpr-toggle-icon wpr-ti-open\"><i aria-hidden=\"true\" class=\"fas fa-minus\"><\/i><\/span>\n\t\t\t\t\t\t\t\t\t<\/button>\n\n\t\t\t\t\t\t<div class=\"wpr-acc-panel\">\n\t\t\t\t\t\t\t\t\t\t\t\t\t\t\t<div class=\"wpr-acc-panel-content\"><p><a href=\"\/wp-content\/uploads\/PROCESSOSELETIVO\/2025\/Processo-Seletivo-n\u00ba-03-Estagi\u00e1rios-Farm\u00e1cia\/Edital-de-Abertura-no-01.2025.pdf\" target=\"_blank\" rel=\"noopener\">Edital de Abertura n\u00ba 01\/2025<\/a><\/p><p><a href=\"\/wp-content\/uploads\/PROCESSOSELETIVO\/2025\/Edital-no-02_Divulga-Classificacao-Final.pdf\" target=\"_blank\" rel=\"noopener\">Edital n\u00ba 02\/2025_Divulga Classifica\u00e7\u00e3o Final<\/a><\/p><\/div>\n\t\t\t\t\t\t\t\t\t\t\t\t\t<\/div>\n                    <\/div>\n\n                \n\t\t\t\t\t<div class=\"wpr-accordion-item-wrap\">\n\t\t\t\t\t\t<button class=\"wpr-acc-button\">\n\t\t\t\t\t\t\t<span class=\"wpr-acc-item-title\">\n\t\t\t\t\t\t\t\t\t\t\t\t\t\t\t\t\t<div class=\"wpr-acc-icon-box\">\n\t\t\t\t\t\t\t\t\t\t\t\t\t\t<span class=\"wpr-title-icon\">\n\t\t\t\t\t<i aria-hidden=\"true\" class=\"far fa-edit\"><\/i>\t\t\t\t<\/span>\n\t\t\t\t\t\t\t\t\t\t\t\t<\/div>\n\t\t\t\t\t\t\t\t\n\t\t\t\t\t\t\t\t<span class=\"wpr-acc-title-text\">Processo Seletivo n\u00ba 04 - Estagi\u00e1rios Farm\u00e1cia<\/span>\n\t\t\t\t\t\t\t<\/span>\n\t\t\t\t\t\t\t\t\t\t\t<span class=\"wpr-toggle-icon wpr-ti-close\"><i aria-hidden=\"true\" class=\"fas fa-plus\"><\/i><\/span>\n\t\t\t\t<span class=\"wpr-toggle-icon wpr-ti-open\"><i aria-hidden=\"true\" class=\"fas fa-minus\"><\/i><\/span>\n\t\t\t\t\t\t\t\t\t<\/button>\n\n\t\t\t\t\t\t<div class=\"wpr-acc-panel\">\n\t\t\t\t\t\t\t\t\t\t\t\t\t\t\t<div class=\"wpr-acc-panel-content\"><p><a href=\"\/wp-content\/uploads\/PROCESSOSELETIVO\/2025\/Processo-Seletivo-n\u00ba-04-Estagi\u00e1rios-Farm\u00e1cia\/Edital-de-Abertura-no-01.2025.pdf\" target=\"_blank\" rel=\"noopener\">Edital de Abertura n\u00ba 01\/2025<\/a><\/p><p><a href=\"\/wp-content\/uploads\/PROCESSOSELETIVO\/2025\/Processo-Seletivo-n\u00ba-04-Estagi\u00e1rios-Farm\u00e1cia\/Edital-no-02_Divulga-Classificacao-Final.pdf\" target=\"_blank\" rel=\"noopener\">Edital n\u00ba 02\/2025 - Divulga Classifica\u00e7\u00e3o Final<\/a><\/p><\/div>\n\t\t\t\t\t\t\t\t\t\t\t\t\t<\/div>\n                    <\/div>\n\n                \n\t\t\t\t\t<div class=\"wpr-accordion-item-wrap\">\n\t\t\t\t\t\t<button class=\"wpr-acc-button\">\n\t\t\t\t\t\t\t<span class=\"wpr-acc-item-title\">\n\t\t\t\t\t\t\t\t\t\t\t\t\t\t\t\t\t<div class=\"wpr-acc-icon-box\">\n\t\t\t\t\t\t\t\t\t\t\t\t\t\t<span class=\"wpr-title-icon\">\n\t\t\t\t\t<i aria-hidden=\"true\" class=\"far fa-edit\"><\/i>\t\t\t\t<\/span>\n\t\t\t\t\t\t\t\t\t\t\t\t<\/div>\n\t\t\t\t\t\t\t\t\n\t\t\t\t\t\t\t\t<span class=\"wpr-acc-title-text\">Processo Seletivo n\u00ba 05 - Guia Int\u00e9rprete de Braille<\/span>\n\t\t\t\t\t\t\t<\/span>\n\t\t\t\t\t\t\t\t\t\t\t<span class=\"wpr-toggle-icon wpr-ti-close\"><i aria-hidden=\"true\" class=\"fas fa-plus\"><\/i><\/span>\n\t\t\t\t<span class=\"wpr-toggle-icon wpr-ti-open\"><i aria-hidden=\"true\" class=\"fas fa-minus\"><\/i><\/span>\n\t\t\t\t\t\t\t\t\t<\/button>\n\n\t\t\t\t\t\t<div class=\"wpr-acc-panel\">\n\t\t\t\t\t\t\t\t\t\t\t\t\t\t\t<div class=\"wpr-acc-panel-content\"><p><a href=\"\/wp-content\/uploads\/PROCESSOSELETIVO\/2025\/Processo-Seletivo-n\u00ba05-Int\u00e9rprete-de-Braille\/Edital-de-Abertura-no-01.pdf\" target=\"_blank\" rel=\"noopener\">Edital de Abertura n\u00ba 01\/2025<\/a><\/p><p><a href=\"\/wp-content\/uploads\/PROCESSOSELETIVO\/2025\/Processo-Seletivo-n\u00ba05-Int\u00e9rprete-de-Braille\/Edital-no-02_Lista-Preliminar-de-Inscritos.pdf\" target=\"_blank\" rel=\"noopener\">Edital n\u00ba 02\/2025_Divulga Lista Preliminar de Inscritos<\/a><\/p><p><a href=\"\/wp-content\/uploads\/PROCESSOSELETIVO\/2025\/Processo-Seletivo-n\u00ba05-Int\u00e9rprete-de-Braille\/Edital-no-03_Divulga-Resultado-Final.pdf\" target=\"_blank\" rel=\"noopener\">Edital n\u00ba 03\/2025_Divulga Resultado Final<\/a><\/p><\/div>\n\t\t\t\t\t\t\t\t\t\t\t\t\t<\/div>\n                    <\/div>\n\n                \n\t\t\t\t\t<div class=\"wpr-accordion-item-wrap\">\n\t\t\t\t\t\t<button class=\"wpr-acc-button\">\n\t\t\t\t\t\t\t<span class=\"wpr-acc-item-title\">\n\t\t\t\t\t\t\t\t\t\t\t\t\t\t\t\t\t<div class=\"wpr-acc-icon-box\">\n\t\t\t\t\t\t\t\t\t\t\t\t\t\t<span class=\"wpr-title-icon\">\n\t\t\t\t\t<i aria-hidden=\"true\" class=\"far fa-edit\"><\/i>\t\t\t\t<\/span>\n\t\t\t\t\t\t\t\t\t\t\t\t<\/div>\n\t\t\t\t\t\t\t\t\n\t\t\t\t\t\t\t\t<span class=\"wpr-acc-title-text\">Processo Seletivo n\u00ba 06 - Estagi\u00e1rios Vigil\u00e2ncia Epidemiol\u00f3gica<\/span>\n\t\t\t\t\t\t\t<\/span>\n\t\t\t\t\t\t\t\t\t\t\t<span class=\"wpr-toggle-icon wpr-ti-close\"><i aria-hidden=\"true\" class=\"fas fa-plus\"><\/i><\/span>\n\t\t\t\t<span class=\"wpr-toggle-icon wpr-ti-open\"><i aria-hidden=\"true\" class=\"fas fa-minus\"><\/i><\/span>\n\t\t\t\t\t\t\t\t\t<\/button>\n\n\t\t\t\t\t\t<div class=\"wpr-acc-panel\">\n\t\t\t\t\t\t\t\t\t\t\t\t\t\t\t<div class=\"wpr-acc-panel-content\"><p><a href=\"\/wp-content\/uploads\/PROCESSOSELETIVO\/2025\/Processo-Seletivo-n\u00ba-06-Estagi\u00e1rios-Vigil\u00e2ncia-Epidemiol\u00f3gica\/Edital-de-Abertura-no-01.pdf\" target=\"_blank\" rel=\"noopener\">Edital de Abertura n\u00ba 01\/2025<\/a><\/p><p><a href=\"\/wp-content\/uploads\/PROCESSOSELETIVO\/2025\/Processo-Seletivo-n\u00ba-06-Estagi\u00e1rios-Vigil\u00e2ncia-Epidemiol\u00f3gica\/Edital-no-02_Divulga-Classificacao-Final.pdf\" target=\"_blank\" rel=\"noopener\">Edital n\u00ba 02\/2025_Divulga Classifica\u00e7\u00e3o Final<\/a><\/p><\/div>\n\t\t\t\t\t\t\t\t\t\t\t\t\t<\/div>\n                    <\/div>\n\n                \n\t\t\t\t\t<div class=\"wpr-accordion-item-wrap\">\n\t\t\t\t\t\t<button class=\"wpr-acc-button\">\n\t\t\t\t\t\t\t<span class=\"wpr-acc-item-title\">\n\t\t\t\t\t\t\t\t\t\t\t\t\t\t\t\t\t<div class=\"wpr-acc-icon-box\">\n\t\t\t\t\t\t\t\t\t\t\t\t\t\t<span class=\"wpr-title-icon\">\n\t\t\t\t\t<i aria-hidden=\"true\" class=\"far fa-edit\"><\/i>\t\t\t\t<\/span>\n\t\t\t\t\t\t\t\t\t\t\t\t<\/div>\n\t\t\t\t\t\t\t\t\n\t\t\t\t\t\t\t\t<span class=\"wpr-acc-title-text\">Processo Seletivo n\u00ba 07 - M\u00e9dicos<\/span>\n\t\t\t\t\t\t\t<\/span>\n\t\t\t\t\t\t\t\t\t\t\t<span class=\"wpr-toggle-icon wpr-ti-close\"><i aria-hidden=\"true\" class=\"fas fa-plus\"><\/i><\/span>\n\t\t\t\t<span class=\"wpr-toggle-icon wpr-ti-open\"><i aria-hidden=\"true\" class=\"fas fa-minus\"><\/i><\/span>\n\t\t\t\t\t\t\t\t\t<\/button>\n\n\t\t\t\t\t\t<div class=\"wpr-acc-panel\">\n\t\t\t\t\t\t\t\t\t\t\t\t\t\t\t<div class=\"wpr-acc-panel-content\"><p><a href=\"\/wp-content\/uploads\/PROCESSOSELETIVO\/2025\/Processo-Seletivo-n\u00ba-07-M\u00e9dicos\/Edital-de-Abertura-no-01.pdf\" target=\"_blank\" rel=\"noopener\">Edital de Abertura n\u00ba 01\/2025<\/a><\/p><p><a href=\"\/wp-content\/uploads\/PROCESSOSELETIVO\/2025\/Processo-Seletivo-n\u00ba-07-M\u00e9dicos\/Edital-no-02.2025-Divulga-Resultado-Preliminar.pdf\" target=\"_blank\" rel=\"noopener\">Edital n\u00ba 02\/2025_Divulga Resultado Preliminar<\/a><\/p><p><a href=\"\/wp-content\/uploads\/PROCESSOSELETIVO\/2025\/Processo-Seletivo-n\u00ba-07-M\u00e9dicos\/Edital-no-03.2025-Divulga-Resultado-Recursos-e-Resultado-Final.pdf\" target=\"_blank\" rel=\"noopener\">Edital n\u00ba 03\/2025_Divulga Resultado Recursos e Resultado Final<\/a><\/p><\/div>\n\t\t\t\t\t\t\t\t\t\t\t\t\t<\/div>\n                    <\/div>\n\n                \n\t\t\t\t\t<div class=\"wpr-accordion-item-wrap\">\n\t\t\t\t\t\t<button class=\"wpr-acc-button\">\n\t\t\t\t\t\t\t<span class=\"wpr-acc-item-title\">\n\t\t\t\t\t\t\t\t\t\t\t\t\t\t\t\t\t<div class=\"wpr-acc-icon-box\">\n\t\t\t\t\t\t\t\t\t\t\t\t\t\t<span class=\"wpr-title-icon\">\n\t\t\t\t\t<i aria-hidden=\"true\" class=\"far fa-edit\"><\/i>\t\t\t\t<\/span>\n\t\t\t\t\t\t\t\t\t\t\t\t<\/div>\n\t\t\t\t\t\t\t\t\n\t\t\t\t\t\t\t\t<span class=\"wpr-acc-title-text\">Processo Seletivo n\u00ba 08 - Fonoaudi\u00f3logo<\/span>\n\t\t\t\t\t\t\t<\/span>\n\t\t\t\t\t\t\t\t\t\t\t<span class=\"wpr-toggle-icon wpr-ti-close\"><i aria-hidden=\"true\" class=\"fas fa-plus\"><\/i><\/span>\n\t\t\t\t<span class=\"wpr-toggle-icon wpr-ti-open\"><i aria-hidden=\"true\" class=\"fas fa-minus\"><\/i><\/span>\n\t\t\t\t\t\t\t\t\t<\/button>\n\n\t\t\t\t\t\t<div class=\"wpr-acc-panel\">\n\t\t\t\t\t\t\t\t\t\t\t\t\t\t\t<div class=\"wpr-acc-panel-content\"><p><a href=\"\/wp-content\/uploads\/PROCESSOSELETIVO\/2025\/Processo-Seletivo-n\u00ba-08-Fonoaudi\u00f3logo\/Edital-de-Abertura-no-01.pdf\" target=\"_blank\" rel=\"noopener\">Edital de Abertura n\u00ba 01\/2025<\/a><\/p><p><a href=\"\/wp-content\/uploads\/PROCESSOSELETIVO\/2025\/Processo-Seletivo-n\u00ba-08-Fonoaudi\u00f3logo\/Edital-no-02_Divulga-Lista-Preliminar-de-Inscritos.pdf\" target=\"_blank\" rel=\"noopener\">Edital n\u00ba 02\/2025 - Divulga Lista Preliminar de Inscritos<\/a><\/p><p><a href=\"\/wp-content\/uploads\/PROCESSOSELETIVO\/2025\/Processo-Seletivo-n\u00ba-08-Fonoaudi\u00f3logo\/Edital-no-03_Divulga-o-Resultado-Final.pdf\" target=\"_blank\" rel=\"noopener\">Edital n\u00ba 03\/2025 - Divulga Resultado Final<\/a><\/p><\/div>\n\t\t\t\t\t\t\t\t\t\t\t\t\t<\/div>\n                    <\/div>\n\n                \n\t\t\t\t\t<div class=\"wpr-accordion-item-wrap\">\n\t\t\t\t\t\t<button class=\"wpr-acc-button\">\n\t\t\t\t\t\t\t<span class=\"wpr-acc-item-title\">\n\t\t\t\t\t\t\t\t\t\t\t\t\t\t\t\t\t<div class=\"wpr-acc-icon-box\">\n\t\t\t\t\t\t\t\t\t\t\t\t\t\t<span class=\"wpr-title-icon\">\n\t\t\t\t\t<i aria-hidden=\"true\" class=\"far fa-edit\"><\/i>\t\t\t\t<\/span>\n\t\t\t\t\t\t\t\t\t\t\t\t<\/div>\n\t\t\t\t\t\t\t\t\n\t\t\t\t\t\t\t\t<span class=\"wpr-acc-title-text\">Processo Seletivo n\u00ba 09 - Estagi\u00e1rios Educa\u00e7\u00e3o F\u00edsica<\/span>\n\t\t\t\t\t\t\t<\/span>\n\t\t\t\t\t\t\t\t\t\t\t<span class=\"wpr-toggle-icon wpr-ti-close\"><i aria-hidden=\"true\" class=\"fas fa-plus\"><\/i><\/span>\n\t\t\t\t<span class=\"wpr-toggle-icon wpr-ti-open\"><i aria-hidden=\"true\" class=\"fas fa-minus\"><\/i><\/span>\n\t\t\t\t\t\t\t\t\t<\/button>\n\n\t\t\t\t\t\t<div class=\"wpr-acc-panel\">\n\t\t\t\t\t\t\t\t\t\t\t\t\t\t\t<div class=\"wpr-acc-panel-content\"><p><a href=\"\/wp-content\/uploads\/PROCESSOSELETIVO\/2025\/Processo-Seletivo-n\u00ba-09-Estagi\u00e1rios-Educa\u00e7\u00e3o-F\u00edsica\/Edital-de-Abertura-no-01.pdf\" target=\"_blank\" rel=\"noopener\">Edital de Abertura n\u00ba 01\/2025<\/a><\/p><p><a href=\"\/wp-content\/uploads\/PROCESSOSELETIVO\/2025\/Processo-Seletivo-n\u00ba-09-Estagi\u00e1rios-Educa\u00e7\u00e3o-F\u00edsica\/Edital-no-02_retifica-edital-de-abertura.pdf\" target=\"_blank\" rel=\"noopener\">Edital\u00a0 n\u00ba 02\/2025 - Retifica Edital de Abertura<\/a><\/p><p><a href=\"\/wp-content\/uploads\/PROCESSOSELETIVO\/2025\/Processo-Seletivo-n\u00ba-09-Estagi\u00e1rios-Educa\u00e7\u00e3o-F\u00edsica\/Edital-no-003_Divulga-Classificacao-Final.pdf\" target=\"_blank\" rel=\"noopener\">Edital\u00a0 n\u00ba 03\/2025 -Divulga Classifica\u00e7\u00e3o Final<\/a><\/p><\/div>\n\t\t\t\t\t\t\t\t\t\t\t\t\t<\/div>\n                    <\/div>\n\n                \n\t\t\t\t\t<div class=\"wpr-accordion-item-wrap\">\n\t\t\t\t\t\t<button class=\"wpr-acc-button\">\n\t\t\t\t\t\t\t<span class=\"wpr-acc-item-title\">\n\t\t\t\t\t\t\t\t\t\t\t\t\t\t\t\t\t<div class=\"wpr-acc-icon-box\">\n\t\t\t\t\t\t\t\t\t\t\t\t\t\t<span class=\"wpr-title-icon\">\n\t\t\t\t\t<i aria-hidden=\"true\" class=\"far fa-edit\"><\/i>\t\t\t\t<\/span>\n\t\t\t\t\t\t\t\t\t\t\t\t<\/div>\n\t\t\t\t\t\t\t\t\n\t\t\t\t\t\t\t\t<span class=\"wpr-acc-title-text\">Processo Seletivo n\u00ba 10 - Estagi\u00e1rios Farm\u00e1cia<\/span>\n\t\t\t\t\t\t\t<\/span>\n\t\t\t\t\t\t\t\t\t\t\t<span class=\"wpr-toggle-icon wpr-ti-close\"><i aria-hidden=\"true\" class=\"fas fa-plus\"><\/i><\/span>\n\t\t\t\t<span class=\"wpr-toggle-icon wpr-ti-open\"><i aria-hidden=\"true\" class=\"fas fa-minus\"><\/i><\/span>\n\t\t\t\t\t\t\t\t\t<\/button>\n\n\t\t\t\t\t\t<div class=\"wpr-acc-panel\">\n\t\t\t\t\t\t\t\t\t\t\t\t\t\t\t<div class=\"wpr-acc-panel-content\"><p><a href=\"\/wp-content\/uploads\/PROCESSOSELETIVO\/2025\/Processo-Seletivo-n\u00ba-10-Estagi\u00e1rios-Farm\u00e1cia\/Edital-de-Abertura-no-01.2025.pdf\" target=\"_blank\" rel=\"noopener\">Edital de Abertura n\u00ba 01\/2025<\/a><\/p><p><a href=\"\/wp-content\/uploads\/PROCESSOSELETIVO\/2025\/Processo-Seletivo-n\u00ba-10-Estagi\u00e1rios-Farm\u00e1cia\/Edital-no-02_Divulga-Classificacao-Final.pdf\" target=\"_blank\" rel=\"noopener\">Edital n\u00ba 02\/2025 - Divulga Classifica\u00e7\u00e3o Final<\/a><\/p><\/div>\n\t\t\t\t\t\t\t\t\t\t\t\t\t<\/div>\n                    <\/div>\n\n                \n\t\t\t\t\t<div class=\"wpr-accordion-item-wrap\">\n\t\t\t\t\t\t<button class=\"wpr-acc-button\">\n\t\t\t\t\t\t\t<span class=\"wpr-acc-item-title\">\n\t\t\t\t\t\t\t\t\t\t\t\t\t\t\t\t\t<div class=\"wpr-acc-icon-box\">\n\t\t\t\t\t\t\t\t\t\t\t\t\t\t<span class=\"wpr-title-icon\">\n\t\t\t\t\t<i aria-hidden=\"true\" class=\"far fa-edit\"><\/i>\t\t\t\t<\/span>\n\t\t\t\t\t\t\t\t\t\t\t\t<\/div>\n\t\t\t\t\t\t\t\t\n\t\t\t\t\t\t\t\t<span class=\"wpr-acc-title-text\">Processo Seletivo n\u00ba 11 - SMEC<\/span>\n\t\t\t\t\t\t\t<\/span>\n\t\t\t\t\t\t\t\t\t\t\t<span class=\"wpr-toggle-icon wpr-ti-close\"><i aria-hidden=\"true\" class=\"fas fa-plus\"><\/i><\/span>\n\t\t\t\t<span class=\"wpr-toggle-icon wpr-ti-open\"><i aria-hidden=\"true\" class=\"fas fa-minus\"><\/i><\/span>\n\t\t\t\t\t\t\t\t\t<\/button>\n\n\t\t\t\t\t\t<div class=\"wpr-acc-panel\">\n\t\t\t\t\t\t\t\t\t\t\t\t\t\t\t<div class=\"wpr-acc-panel-content\"><p><a href=\"\/wp-content\/uploads\/PROCESSOSELETIVO\/2025\/Processo-Seletivo-n\u00ba-11-SMEC\/Edital-de-Abertura-no-01.pdf\" target=\"_blank\" rel=\"noopener\">Edital de Abertura n\u00ba 01\/2025<\/a><\/p><p><a href=\"\/wp-content\/uploads\/PROCESSOSELETIVO\/2025\/Processo-Seletivo-n\u00ba-11-SMEC\/Edital-no-02.2025-prorroga-inscricoes-e-altera-Edital-no-01.pdf\" target=\"_blank\" rel=\"noopener\">Edital n\u00ba 02\/2025 - Prorroga inscri\u00e7\u00f5es e altera Edital de Abertura n\u00ba 01\/2025<\/a><\/p><p><a href=\"\/wp-content\/uploads\/PROCESSOSELETIVO\/2025\/Processo-Seletivo-n\u00ba-11-SMEC\/Edital-no-03.2025-Divulga-Lista-Preliminar-de-Inscritos.pdf\" target=\"_blank\" rel=\"noopener\">Edital n\u00ba 03\/2025 - Divulga a lista preliminar de inscritos<\/a><\/p><p><a href=\"\/wp-content\/uploads\/PROCESSOSELETIVO\/2025\/Processo-Seletivo-n\u00ba-11-SMEC\/Edital-no-04.2025-Divulga-Resultado-Parcial.pdf\" target=\"_blank\" rel=\"noopener\">Edital n\u00ba 04\/2025 - Divulga Resultado Parcial<\/a><\/p><p><a href=\"\/wp-content\/uploads\/PROCESSOSELETIVO\/2025\/Processo-Seletivo-n\u00ba-11-SMEC\/Edital-no-05.2025_Resultado-Final.pdf\">Edital n\u00ba 05\/2025 -Divulga Resultado Final<\/a><\/p><\/div>\n\t\t\t\t\t\t\t\t\t\t\t\t\t<\/div>\n                    <\/div>\n\n                \n\t\t\t\t\t<div class=\"wpr-accordion-item-wrap\">\n\t\t\t\t\t\t<button class=\"wpr-acc-button\">\n\t\t\t\t\t\t\t<span class=\"wpr-acc-item-title\">\n\t\t\t\t\t\t\t\t\t\t\t\t\t\t\t\t\t<div class=\"wpr-acc-icon-box\">\n\t\t\t\t\t\t\t\t\t\t\t\t\t\t<span class=\"wpr-title-icon\">\n\t\t\t\t\t<i aria-hidden=\"true\" class=\"far fa-edit\"><\/i>\t\t\t\t<\/span>\n\t\t\t\t\t\t\t\t\t\t\t\t<\/div>\n\t\t\t\t\t\t\t\t\n\t\t\t\t\t\t\t\t<span class=\"wpr-acc-title-text\">Processo Seletivo n\u00ba 12 - Estagi\u00e1rios SMEC e ADM<\/span>\n\t\t\t\t\t\t\t<\/span>\n\t\t\t\t\t\t\t\t\t\t\t<span class=\"wpr-toggle-icon wpr-ti-close\"><i aria-hidden=\"true\" class=\"fas fa-plus\"><\/i><\/span>\n\t\t\t\t<span class=\"wpr-toggle-icon wpr-ti-open\"><i aria-hidden=\"true\" class=\"fas fa-minus\"><\/i><\/span>\n\t\t\t\t\t\t\t\t\t<\/button>\n\n\t\t\t\t\t\t<div class=\"wpr-acc-panel\">\n\t\t\t\t\t\t\t\t\t\t\t\t\t\t\t<div class=\"wpr-acc-panel-content\"><p><a href=\"\/wp-content\/uploads\/PROCESSOSELETIVO\/2025\/Processo-Seletivo-n\u00ba-12-Estagi\u00e1rios-SMEC-e-ADM\/Edital-de-Abertura-no-01.pdf\" target=\"_blank\" rel=\"noopener\">Edital de Abertura n\u00ba 01\/2025<\/a><\/p><p><a href=\"\/wp-content\/uploads\/PROCESSOSELETIVO\/2025\/Processo-Seletivo-n\u00ba-12-Estagi\u00e1rios-SMEC-e-ADM\/Edital-no-02_Prorroga-inscricoes.pdf\">Edital n\u00ba 02\/2025 - Prorroga Inscri\u00e7\u00f5es<\/a><\/p><p><a href=\"\/wp-content\/uploads\/PROCESSOSELETIVO\/2025\/Processo-Seletivo-n\u00ba-12-Estagi\u00e1rios-SMEC-e-ADM\/Edital-no-03_Divulga-Classificacao-Provisoria.pdf\">Edital n\u00ba 03\/2025 - Divulga Classifica\u00e7\u00e3o Provis\u00f3ria<\/a><\/p><p><a href=\"\/wp-content\/uploads\/PROCESSOSELETIVO\/2025\/Processo-Seletivo-n\u00ba-12-Estagi\u00e1rios-SMEC-e-ADM\/Edital-no-04_Divulga-Classificacao-Final.pdf\">Edital n\u00ba 04\/2025 - Divulga Classifica\u00e7\u00e3o Final<\/a><\/p><\/div>\n\t\t\t\t\t\t\t\t\t\t\t\t\t<\/div>\n                    <\/div>\n\n                \n\t\t\t\t\t<div class=\"wpr-accordion-item-wrap\">\n\t\t\t\t\t\t<button class=\"wpr-acc-button\">\n\t\t\t\t\t\t\t<span class=\"wpr-acc-item-title\">\n\t\t\t\t\t\t\t\t\t\t\t\t\t\t\t\t\t<div class=\"wpr-acc-icon-box\">\n\t\t\t\t\t\t\t\t\t\t\t\t\t\t<span class=\"wpr-title-icon\">\n\t\t\t\t\t<i aria-hidden=\"true\" class=\"far fa-edit\"><\/i>\t\t\t\t<\/span>\n\t\t\t\t\t\t\t\t\t\t\t\t<\/div>\n\t\t\t\t\t\t\t\t\n\t\t\t\t\t\t\t\t<span class=\"wpr-acc-title-text\">Processo Seletivo n\u00ba 13 - Estagi\u00e1rios Farm\u00e1cia<\/span>\n\t\t\t\t\t\t\t<\/span>\n\t\t\t\t\t\t\t\t\t\t\t<span class=\"wpr-toggle-icon wpr-ti-close\"><i aria-hidden=\"true\" class=\"fas fa-plus\"><\/i><\/span>\n\t\t\t\t<span class=\"wpr-toggle-icon wpr-ti-open\"><i aria-hidden=\"true\" class=\"fas fa-minus\"><\/i><\/span>\n\t\t\t\t\t\t\t\t\t<\/button>\n\n\t\t\t\t\t\t<div class=\"wpr-acc-panel\">\n\t\t\t\t\t\t\t\t\t\t\t\t\t\t\t<div class=\"wpr-acc-panel-content\"><p><a href=\"\/wp-content\/uploads\/PROCESSOSELETIVO\/2025\/Processo-Seletivo-n\u00ba-13-Estagi\u00e1rios-Farm\u00e1cia\/Edital-de-Abertura-no-01.2025.pdf\" target=\"_blank\" rel=\"noopener\">Edital de Abertura n\u00ba 01\/2025<\/a><\/p><p><a href=\"\/wp-content\/uploads\/PROCESSOSELETIVO\/2025\/Processo-Seletivo-n\u00ba-13-Estagi\u00e1rios-Farm\u00e1cia\/Edital-no-02_Divulga-Classificacao-Final.pdf\" target=\"_blank\" rel=\"noopener\">Edital n\u00ba 02\/2025_Divulga Classifica\u00e7\u00e3o Final<\/a><\/p><\/div>\n\t\t\t\t\t\t\t\t\t\t\t\t\t<\/div>\n                    <\/div>\n\n                \n\t\t\t\t\t<div class=\"wpr-accordion-item-wrap\">\n\t\t\t\t\t\t<button class=\"wpr-acc-button\">\n\t\t\t\t\t\t\t<span class=\"wpr-acc-item-title\">\n\t\t\t\t\t\t\t\t\t\t\t\t\t\t\t\t\t<div class=\"wpr-acc-icon-box\">\n\t\t\t\t\t\t\t\t\t\t\t\t\t\t<span class=\"wpr-title-icon\">\n\t\t\t\t\t<i aria-hidden=\"true\" class=\"far fa-edit\"><\/i>\t\t\t\t<\/span>\n\t\t\t\t\t\t\t\t\t\t\t\t<\/div>\n\t\t\t\t\t\t\t\t\n\t\t\t\t\t\t\t\t<span class=\"wpr-acc-title-text\">Processo Seletivo n\u00ba 14 - Diretor de Escola<\/span>\n\t\t\t\t\t\t\t<\/span>\n\t\t\t\t\t\t\t\t\t\t\t<span class=\"wpr-toggle-icon wpr-ti-close\"><i aria-hidden=\"true\" class=\"fas fa-plus\"><\/i><\/span>\n\t\t\t\t<span class=\"wpr-toggle-icon wpr-ti-open\"><i aria-hidden=\"true\" class=\"fas fa-minus\"><\/i><\/span>\n\t\t\t\t\t\t\t\t\t<\/button>\n\n\t\t\t\t\t\t<div class=\"wpr-acc-panel\">\n\t\t\t\t\t\t\t\t\t\t\t\t\t\t\t<div class=\"wpr-acc-panel-content\"><p><a href=\"\/wp-content\/uploads\/PROCESSOSELETIVO\/2025\/Processo-Seletivo-n\u00ba-14-Diretor-de-Escola\/Edital-de-Abertura-no-01.pdf\" target=\"_blank\" rel=\"noopener\">Edital de Abertura n\u00ba 01\/2025<\/a><\/p><p><a href=\"\/wp-content\/uploads\/PROCESSOSELETIVO\/2025\/Processo-Seletivo-n\u00ba-14-Diretor-de-Escola\/Edital-no-02_Retifica-Edital-de-Abertura-no-01.pdf\" target=\"_blank\" rel=\"noopener\">Edital n\u00ba 02\/2025 - Retifica Edital de Abertura n\u00ba 01\/2025<\/a><\/p><p><a href=\"\/wp-content\/uploads\/PROCESSOSELETIVO\/2025\/Processo-Seletivo-n\u00ba-14-Diretor-de-Escola\/Edital-no-03_Lista-de-inscritos-preliminar.pdf\" target=\"_blank\" rel=\"noopener\">Edital n\u00ba 03\/2025 - Divulga Lista Preliminar de Inscritos<\/a><\/p><p><a href=\"\/wp-content\/uploads\/PROCESSOSELETIVO\/2025\/Processo-Seletivo-n\u00ba-14-Diretor-de-Escola\/Edital-no-04_Lista-de-Homologacao-dos-Inscritos.pdf\" target=\"_blank\" rel=\"noopener\">Edital n\u00ba 04\/2025 - Divulga Lista de Homologa\u00e7\u00e3o das Inscri\u00e7\u00f5es<\/a><\/p><p><a href=\"\/wp-content\/uploads\/PROCESSOSELETIVO\/2025\/Processo-Seletivo-n\u00ba-14-Diretor-de-Escola\/Edital-no-05_Retifica-Edital-de-Abertura-no-01.pdf\" target=\"_blank\" rel=\"noopener\">Edital n\u00ba 05\/2025 - Retifica Edital de Abertura n\u00ba 01\/2025<\/a><\/p><p><a href=\"\/wp-content\/uploads\/PROCESSOSELETIVO\/2025\/Processo-Seletivo-n\u00ba-14-Diretor-de-Escola\/Edital-no-06_Retifica-Edital-de-Abertura-no-01.pdf\" target=\"_blank\" rel=\"noopener\">Edital n\u00ba 06\/2025 - Retifica Edital de Abertura n\u00ba 01\/2025<\/a><\/p><p><a href=\"\/wp-content\/uploads\/PROCESSOSELETIVO\/2025\/Processo-Seletivo-n\u00ba-14-Diretor-de-Escola\/Edital-no-07_Divulga-Resultado-da-analise-dos-Planos-de-Gestao.pdf\" target=\"_blank\" rel=\"noopener\">Edital n\u00ba 07\/2025 - Divulga Resultado da An\u00e1lise dos Planos de Gest\u00e3o<\/a><\/p><p><a href=\"\/wp-content\/uploads\/PROCESSOSELETIVO\/2025\/Processo-Seletivo-n\u00ba-14-Diretor-de-Escola\/Edital-no-08_Retifica-Edital-no-07.pdf\" target=\"_blank\" rel=\"noopener\">Edital n\u00ba 08\/2025 - Retifica o Edital n\u00ba 07\/2025<\/a><\/p><p><a href=\"\/wp-content\/uploads\/PROCESSOSELETIVO\/2025\/Processo-Seletivo-n\u00ba-14-Diretor-de-Escola\/Edital-no-09_Homologacao-dos-Planos-de-Gestao-para-analise-da-comunidade-escolar.pdf\" target=\"_blank\" rel=\"noopener\">Edital n\u00ba 09\/2025 - Divulga Homologa\u00e7\u00e3o dos Planos de Gest\u00e3o aptos para an\u00e1lise da comunidade escolar<\/a><\/p><p><a href=\"\/wp-content\/uploads\/PROCESSOSELETIVO\/2025\/Processo-Seletivo-n\u00ba-14-Diretor-de-Escola\/Edital-no-10_Retifica-Edital-no-09.pdf\" target=\"_blank\" rel=\"noopener\">Edital n\u00ba 10\/2025 - Retifica o Edital n\u00ba 09\/2025<\/a><\/p><p><a href=\"\/wp-content\/uploads\/PROCESSOSELETIVO\/2025\/Processo-Seletivo-n\u00ba-14-Diretor-de-Escola\/Edital-no-11_Divulga-candidatos-escolhidos-para-ocupar-a-funcao-de-Diretor-de-Escola.pdf\" target=\"_blank\" rel=\"noopener\">Edital n\u00ba 11\/2025 - Divulga <span class=\"texto_original\">os candidatos escolhidos para ocupar a fun\u00e7\u00e3o de Diretor de Escola<\/span><\/a><\/p><\/div>\n\t\t\t\t\t\t\t\t\t\t\t\t\t<\/div>\n                    <\/div>\n\n                \n\t\t\t\t\t<div class=\"wpr-accordion-item-wrap\">\n\t\t\t\t\t\t<button class=\"wpr-acc-button\">\n\t\t\t\t\t\t\t<span class=\"wpr-acc-item-title\">\n\t\t\t\t\t\t\t\t\t\t\t\t\t\t\t\t\t<div class=\"wpr-acc-icon-box\">\n\t\t\t\t\t\t\t\t\t\t\t\t\t\t<span class=\"wpr-title-icon\">\n\t\t\t\t\t<i aria-hidden=\"true\" class=\"far fa-edit\"><\/i>\t\t\t\t<\/span>\n\t\t\t\t\t\t\t\t\t\t\t\t<\/div>\n\t\t\t\t\t\t\t\t\n\t\t\t\t\t\t\t\t<span class=\"wpr-acc-title-text\">Processo Seletivo n\u00ba 15 - PIM e Crian\u00e7a Feliz<\/span>\n\t\t\t\t\t\t\t<\/span>\n\t\t\t\t\t\t\t\t\t\t\t<span class=\"wpr-toggle-icon wpr-ti-close\"><i aria-hidden=\"true\" class=\"fas fa-plus\"><\/i><\/span>\n\t\t\t\t<span class=\"wpr-toggle-icon wpr-ti-open\"><i aria-hidden=\"true\" class=\"fas fa-minus\"><\/i><\/span>\n\t\t\t\t\t\t\t\t\t<\/button>\n\n\t\t\t\t\t\t<div class=\"wpr-acc-panel\">\n\t\t\t\t\t\t\t\t\t\t\t\t\t\t\t<div class=\"wpr-acc-panel-content\"><p><a href=\"\/wp-content\/uploads\/PROCESSOSELETIVO\/2025\/Processo-Seletivo-n\u00ba-15-PIM-e-Crian\u00e7a-Feliz\/Edital-de-Abertura-no-01.pdf\" target=\"_blank\" rel=\"noopener\">Edital de Abertura n\u00ba 01\/2025<\/a><\/p><p><a href=\"\/wp-content\/uploads\/PROCESSOSELETIVO\/2025\/Processo-Seletivo-n\u00ba-15-PIM-e-Crian\u00e7a-Feliz\/Edital-no-02_Divulga-Resultado-Parcial.pdf\" target=\"_blank\" rel=\"noopener\">Edital n\u00ba 02\/2025 - Divulga Resultado Parcial<\/a><\/p><p><a href=\"\/wp-content\/uploads\/PROCESSOSELETIVO\/2025\/Processo-Seletivo-n\u00ba-16-Estagi\u00e1rios-Bio-Enfer-Nutri-Odonto\/Edital-no-03_Divulga-Resultado-dos-Recursos-e-Resultado-Final.pdf\" target=\"_blank\" rel=\"noopener\">Edital n\u00ba 03\/2025 - Divulga Resultado Recursos e Resultado Final<\/a><\/p><\/div>\n\t\t\t\t\t\t\t\t\t\t\t\t\t<\/div>\n                    <\/div>\n\n                \n\t\t\t\t\t<div class=\"wpr-accordion-item-wrap\">\n\t\t\t\t\t\t<button class=\"wpr-acc-button\">\n\t\t\t\t\t\t\t<span class=\"wpr-acc-item-title\">\n\t\t\t\t\t\t\t\t\t\t\t\t\t\t\t\t\t<div class=\"wpr-acc-icon-box\">\n\t\t\t\t\t\t\t\t\t\t\t\t\t\t<span class=\"wpr-title-icon\">\n\t\t\t\t\t<i aria-hidden=\"true\" class=\"far fa-edit\"><\/i>\t\t\t\t<\/span>\n\t\t\t\t\t\t\t\t\t\t\t\t<\/div>\n\t\t\t\t\t\t\t\t\n\t\t\t\t\t\t\t\t<span class=\"wpr-acc-title-text\">Processo Seletivo n\u00ba 16 - Estagi\u00e1rios Biomedicina, Enfermagem, Nutri\u00e7\u00e3o e Odonto<\/span>\n\t\t\t\t\t\t\t<\/span>\n\t\t\t\t\t\t\t\t\t\t\t<span class=\"wpr-toggle-icon wpr-ti-close\"><i aria-hidden=\"true\" class=\"fas fa-plus\"><\/i><\/span>\n\t\t\t\t<span class=\"wpr-toggle-icon wpr-ti-open\"><i aria-hidden=\"true\" class=\"fas fa-minus\"><\/i><\/span>\n\t\t\t\t\t\t\t\t\t<\/button>\n\n\t\t\t\t\t\t<div class=\"wpr-acc-panel\">\n\t\t\t\t\t\t\t\t\t\t\t\t\t\t\t<div class=\"wpr-acc-panel-content\"><p><a href=\"\/wp-content\/uploads\/PROCESSOSELETIVO\/2025\/Processo-Seletivo-n\u00ba-16-Estagi\u00e1rios-Bio-Enfer-Nutri-Odonto\/Edital-de-Abertura-no-01.pdf\" target=\"_blank\" rel=\"noopener\">Edital de Abertura n\u00ba 01\/2025<\/a><\/p><p><a href=\"\/wp-content\/uploads\/PROCESSOSELETIVO\/2025\/Processo-Seletivo-n\u00ba-16-Estagi\u00e1rios-Bio-Enfer-Nutri-Odonto\/Edital-no-02_Divulga-Classificacao-Final.pdf\" target=\"_blank\" rel=\"noopener\">Edital n\u00ba 02\/2025 - Divulga Classifica\u00e7\u00e3o Final<\/a><\/p><\/div>\n\t\t\t\t\t\t\t\t\t\t\t\t\t<\/div>\n                    <\/div>\n\n                \n\t\t\t\t\t<div class=\"wpr-accordion-item-wrap\">\n\t\t\t\t\t\t<button class=\"wpr-acc-button\">\n\t\t\t\t\t\t\t<span class=\"wpr-acc-item-title\">\n\t\t\t\t\t\t\t\t\t\t\t\t\t\t\t\t\t<div class=\"wpr-acc-icon-box\">\n\t\t\t\t\t\t\t\t\t\t\t\t\t\t<span class=\"wpr-title-icon\">\n\t\t\t\t\t<i aria-hidden=\"true\" class=\"far fa-edit\"><\/i>\t\t\t\t<\/span>\n\t\t\t\t\t\t\t\t\t\t\t\t<\/div>\n\t\t\t\t\t\t\t\t\n\t\t\t\t\t\t\t\t<span class=\"wpr-acc-title-text\">Processo Seletivo n\u00ba 17 - Estagi\u00e1rios SMEC e ADM<\/span>\n\t\t\t\t\t\t\t<\/span>\n\t\t\t\t\t\t\t\t\t\t\t<span class=\"wpr-toggle-icon wpr-ti-close\"><i aria-hidden=\"true\" class=\"fas fa-plus\"><\/i><\/span>\n\t\t\t\t<span class=\"wpr-toggle-icon wpr-ti-open\"><i aria-hidden=\"true\" class=\"fas fa-minus\"><\/i><\/span>\n\t\t\t\t\t\t\t\t\t<\/button>\n\n\t\t\t\t\t\t<div class=\"wpr-acc-panel\">\n\t\t\t\t\t\t\t\t\t\t\t\t\t\t\t<div class=\"wpr-acc-panel-content\"><p><a href=\"\/wp-content\/uploads\/PROCESSOSELETIVO\/2025\/Processo-Seletivo-n\u00ba-17-Estagi\u00e1rios-SMEC-e-ADM\/Edital-de-Abertura-no-01.pdf\" target=\"_blank\" rel=\"noopener\">Edital de Abertura n\u00ba 01\/2025<\/a><\/p><p><a href=\"\/wp-content\/uploads\/PROCESSOSELETIVO\/2025\/Processo-Seletivo-n\u00ba-17-Estagi\u00e1rios-SMEC-e-ADM\/Edital-no-02-Retificacao-do-Edital-de-Abertura.pdf\" target=\"_blank\" rel=\"noopener\">Edital n\u00ba 02\/2025 - Retifica Edital de Abertura n\u00ba 01\/2025<\/a><\/p><p><a href=\"\/wp-content\/uploads\/PROCESSOSELETIVO\/2025\/Processo-Seletivo-n\u00ba-17-Estagi\u00e1rios-SMEC-e-ADM\/Edital-no-03-Divulga-Classificacao-Provisoria.pdf\" target=\"_blank\" rel=\"noopener\">Edital n\u00ba 03\/2025 - Divulga Classifica\u00e7\u00e3o Provis\u00f3ria<\/a><\/p><p><a href=\"\/wp-content\/uploads\/PROCESSOSELETIVO\/2025\/Processo-Seletivo-n\u00ba-17-Estagi\u00e1rios-SMEC-e-ADM\/Edital-no-04-Divulga-Classificacao-Final.pdf\" target=\"_blank\" rel=\"noopener\">Edital n\u00ba 04\/2025 - Divulga Classifica\u00e7\u00e3o Final<\/a>\u00a0<\/p><\/div>\n\t\t\t\t\t\t\t\t\t\t\t\t\t<\/div>\n                    <\/div>\n\n                \n\t\t\t\t\t<div class=\"wpr-accordion-item-wrap\">\n\t\t\t\t\t\t<button class=\"wpr-acc-button\">\n\t\t\t\t\t\t\t<span class=\"wpr-acc-item-title\">\n\t\t\t\t\t\t\t\t\t\t\t\t\t\t\t\t\t<div class=\"wpr-acc-icon-box\">\n\t\t\t\t\t\t\t\t\t\t\t\t\t\t<span class=\"wpr-title-icon\">\n\t\t\t\t\t<i aria-hidden=\"true\" class=\"far fa-edit\"><\/i>\t\t\t\t<\/span>\n\t\t\t\t\t\t\t\t\t\t\t\t<\/div>\n\t\t\t\t\t\t\t\t\n\t\t\t\t\t\t\t\t<span class=\"wpr-acc-title-text\">Processo Seletivo n\u00ba 18 - Estagi\u00e1rios Farm\u00e1cia<\/span>\n\t\t\t\t\t\t\t<\/span>\n\t\t\t\t\t\t\t\t\t\t\t<span class=\"wpr-toggle-icon wpr-ti-close\"><i aria-hidden=\"true\" class=\"fas fa-plus\"><\/i><\/span>\n\t\t\t\t<span class=\"wpr-toggle-icon wpr-ti-open\"><i aria-hidden=\"true\" class=\"fas fa-minus\"><\/i><\/span>\n\t\t\t\t\t\t\t\t\t<\/button>\n\n\t\t\t\t\t\t<div class=\"wpr-acc-panel\">\n\t\t\t\t\t\t\t\t\t\t\t\t\t\t\t<div class=\"wpr-acc-panel-content\"><p><a href=\"\/wp-content\/uploads\/PROCESSOSELETIVO\/2025\/Processo-Seletivo-n\u00ba-18-Estagi\u00e1rios-Farm\u00e1cia\/Edital-de-Abertura-no-01.2025.pdf\" target=\"_blank\" rel=\"noopener\">Edital de Abertura n\u00ba 01\/2025<\/a><\/p><p><a href=\"\/wp-content\/uploads\/PROCESSOSELETIVO\/2025\/Processo-Seletivo-n\u00ba-18-Estagi\u00e1rios-Farm\u00e1cia\/Edital-no-02_Divulga-Classificacao-Final.pdf\" target=\"_blank\" rel=\"noopener\">Edital n\u00ba 02\/2025 - Divulga Classifica\u00e7\u00e3o Final<\/a><\/p><\/div>\n\t\t\t\t\t\t\t\t\t\t\t\t\t<\/div>\n                    <\/div>\n\n                \n\t\t\t\t\t<div class=\"wpr-accordion-item-wrap\">\n\t\t\t\t\t\t<button class=\"wpr-acc-button\">\n\t\t\t\t\t\t\t<span class=\"wpr-acc-item-title\">\n\t\t\t\t\t\t\t\t\t\t\t\t\t\t\t\t\t<div class=\"wpr-acc-icon-box\">\n\t\t\t\t\t\t\t\t\t\t\t\t\t\t<span class=\"wpr-title-icon\">\n\t\t\t\t\t<i aria-hidden=\"true\" class=\"far fa-edit\"><\/i>\t\t\t\t<\/span>\n\t\t\t\t\t\t\t\t\t\t\t\t<\/div>\n\t\t\t\t\t\t\t\t\n\t\t\t\t\t\t\t\t<span class=\"wpr-acc-title-text\">Processo Seletivo n\u00ba 19 - Auxiliar em Sa\u00fade Bucal<\/span>\n\t\t\t\t\t\t\t<\/span>\n\t\t\t\t\t\t\t\t\t\t\t<span class=\"wpr-toggle-icon wpr-ti-close\"><i aria-hidden=\"true\" class=\"fas fa-plus\"><\/i><\/span>\n\t\t\t\t<span class=\"wpr-toggle-icon wpr-ti-open\"><i aria-hidden=\"true\" class=\"fas fa-minus\"><\/i><\/span>\n\t\t\t\t\t\t\t\t\t<\/button>\n\n\t\t\t\t\t\t<div class=\"wpr-acc-panel\">\n\t\t\t\t\t\t\t\t\t\t\t\t\t\t\t<div class=\"wpr-acc-panel-content\"><p><a href=\"\/wp-content\/uploads\/PROCESSOSELETIVO\/2025\/Processo-Seletivo-n\u00ba-19-Auxiliar-em-Sa\u00fade-Bucal\/Edital-de-Abertura-no-01.pdf\" target=\"_blank\" rel=\"noopener\">Edital de Abertura n\u00ba 01\/2025<\/a><\/p><p><a href=\"\/wp-content\/uploads\/PROCESSOSELETIVO\/2025\/Processo-Seletivo-n\u00ba-19-Auxiliar-em-Sa\u00fade-Bucal\/Edital-no-02.2025_Lista-preliminar-de-inscritos.pdf\" target=\"_blank\" rel=\"noopener\">Edital n\u00ba 02\/2025 - Divulga Lista Preliminar de Inscritos<\/a><\/p><p><a href=\"\/wp-content\/uploads\/PROCESSOSELETIVO\/2025\/Processo-Seletivo-n\u00ba-19-Auxiliar-em-Sa\u00fade-Bucal\/Edital-no-03.2025_Divulga-Resultado-Final.pdf\" target=\"_blank\" rel=\"noopener\">Edital n\u00ba 03\/2025 - Divulga Resultado Final<\/a><\/p><p><a href=\"\/wp-content\/uploads\/PROCESSOSELETIVO\/2025\/Processo-Seletivo-n\u00ba-19-Auxiliar-em-Sa\u00fade-Bucal\/Edital-no-04.2025_Divulga-Resultado-Final-Pos-Recurso.pdf\" target=\"_blank\" rel=\"noopener\">Edital n\u00ba 04\/2025 - Divulga Resultado Final - Ap\u00f3s Recurso<\/a><\/p><\/div>\n\t\t\t\t\t\t\t\t\t\t\t\t\t<\/div>\n                    <\/div>\n\n                \n\t\t\t\t\t<div class=\"wpr-accordion-item-wrap\">\n\t\t\t\t\t\t<button class=\"wpr-acc-button\">\n\t\t\t\t\t\t\t<span class=\"wpr-acc-item-title\">\n\t\t\t\t\t\t\t\t\t\t\t\t\t\t\t\t\t<div class=\"wpr-acc-icon-box\">\n\t\t\t\t\t\t\t\t\t\t\t\t\t\t<span class=\"wpr-title-icon\">\n\t\t\t\t\t<i aria-hidden=\"true\" class=\"far fa-edit\"><\/i>\t\t\t\t<\/span>\n\t\t\t\t\t\t\t\t\t\t\t\t<\/div>\n\t\t\t\t\t\t\t\t\n\t\t\t\t\t\t\t\t<span class=\"wpr-acc-title-text\">Processo Seletivo n\u00ba 20 - Formadores Municipais - PROLEEI<\/span>\n\t\t\t\t\t\t\t<\/span>\n\t\t\t\t\t\t\t\t\t\t\t<span class=\"wpr-toggle-icon wpr-ti-close\"><i aria-hidden=\"true\" class=\"fas fa-plus\"><\/i><\/span>\n\t\t\t\t<span class=\"wpr-toggle-icon wpr-ti-open\"><i aria-hidden=\"true\" class=\"fas fa-minus\"><\/i><\/span>\n\t\t\t\t\t\t\t\t\t<\/button>\n\n\t\t\t\t\t\t<div class=\"wpr-acc-panel\">\n\t\t\t\t\t\t\t\t\t\t\t\t\t\t\t<div class=\"wpr-acc-panel-content\"><p><a href=\"\/wp-content\/uploads\/PROCESSOSELETIVO\/2025\/Processo-Seletivo-n\u00ba-20-Formadores-Municipais-PROLEEI\/Edital-de-Abertura-no-01.pdf\" target=\"_blank\" rel=\"noopener\">Edital de Abertura n\u00ba 01\/2025<\/a><\/p><p><a href=\"\/wp-content\/uploads\/PROCESSOSELETIVO\/2025\/Processo-Seletivo-n\u00ba-20-Formadores-Municipais-PROLEEI\/Edital-no-02.2025_Lista-preliminar-de-inscritos.pdf\" target=\"_blank\" rel=\"noopener\">Edital n\u00ba 02\/2025_Divulga Lista Preliminar de Inscritos<\/a><\/p><p><a href=\"\/wp-content\/uploads\/PROCESSOSELETIVO\/2025\/Processo-Seletivo-n\u00ba-20-Formadores-Municipais-PROLEEI\/Edital-no-03.2025_Lista-final-de-homologacao-dos-inscritos.pdf\" target=\"_blank\" rel=\"noopener\">Edital n\u00ba 03\/2025_Divulga Lista Final de Homologa\u00e7\u00e3o dos Inscritos<\/a><\/p><\/div>\n\t\t\t\t\t\t\t\t\t\t\t\t\t<\/div>\n                    <\/div>\n\n                \n\t\t\t\t\t<div class=\"wpr-accordion-item-wrap\">\n\t\t\t\t\t\t<button class=\"wpr-acc-button\">\n\t\t\t\t\t\t\t<span class=\"wpr-acc-item-title\">\n\t\t\t\t\t\t\t\t\t\t\t\t\t\t\t\t\t<div class=\"wpr-acc-icon-box\">\n\t\t\t\t\t\t\t\t\t\t\t\t\t\t<span class=\"wpr-title-icon\">\n\t\t\t\t\t<i aria-hidden=\"true\" class=\"far fa-edit\"><\/i>\t\t\t\t<\/span>\n\t\t\t\t\t\t\t\t\t\t\t\t<\/div>\n\t\t\t\t\t\t\t\t\n\t\t\t\t\t\t\t\t<span class=\"wpr-acc-title-text\">Processo Seletivo n\u00ba 21 - T\u00e9cnico em Enfermagem<\/span>\n\t\t\t\t\t\t\t<\/span>\n\t\t\t\t\t\t\t\t\t\t\t<span class=\"wpr-toggle-icon wpr-ti-close\"><i aria-hidden=\"true\" class=\"fas fa-plus\"><\/i><\/span>\n\t\t\t\t<span class=\"wpr-toggle-icon wpr-ti-open\"><i aria-hidden=\"true\" class=\"fas fa-minus\"><\/i><\/span>\n\t\t\t\t\t\t\t\t\t<\/button>\n\n\t\t\t\t\t\t<div class=\"wpr-acc-panel\">\n\t\t\t\t\t\t\t\t\t\t\t\t\t\t\t<div class=\"wpr-acc-panel-content\"><p><a href=\"\/wp-content\/uploads\/PROCESSOSELETIVO\/2025\/Processo-Seletivo-n\u00ba-21-T\u00e9cnico-em-Enfermagem\/Edital-de-Abertura-no-01.pdf\" target=\"_blank\" rel=\"noopener\">Edital de Abertura n\u00ba 01\/2025<\/a><\/p><p><a href=\"\/wp-content\/uploads\/PROCESSOSELETIVO\/2025\/Processo-Seletivo-n\u00ba-21-T\u00e9cnico-em-Enfermagem\/Edital-no-02.2025_Divulga-Resultado-Preliminar.pdf\" target=\"_blank\" rel=\"noopener\">Edital n\u00ba 02\/2025 - Divulga resultado preliminar\u00a0<\/a><\/p><p><a href=\"\/wp-content\/uploads\/PROCESSOSELETIVO\/2025\/Processo-Seletivo-n\u00ba-21-T\u00e9cnico-em-Enfermagem\/Edital-no-03.2025_Divulga-Resultado-dos-Recursos-e-Homologacao-do-Resultado-Final.pdf\" target=\"_blank\" rel=\"noopener\">Edital n\u00ba 03\/2025 - Divulga resultado dos recursos e homologa\u00e7\u00e3o do resultado final<\/a><\/p><\/div>\n\t\t\t\t\t\t\t\t\t\t\t\t\t<\/div>\n                    <\/div>\n\n                \n\t\t\t\t\t<div class=\"wpr-accordion-item-wrap\">\n\t\t\t\t\t\t<button class=\"wpr-acc-button\">\n\t\t\t\t\t\t\t<span class=\"wpr-acc-item-title\">\n\t\t\t\t\t\t\t\t\t\t\t\t\t\t\t\t\t<div class=\"wpr-acc-icon-box\">\n\t\t\t\t\t\t\t\t\t\t\t\t\t\t<span class=\"wpr-title-icon\">\n\t\t\t\t\t<i aria-hidden=\"true\" class=\"far fa-edit\"><\/i>\t\t\t\t<\/span>\n\t\t\t\t\t\t\t\t\t\t\t\t<\/div>\n\t\t\t\t\t\t\t\t\n\t\t\t\t\t\t\t\t<span class=\"wpr-acc-title-text\">Processo Seletivo n\u00ba 22 - Estagi\u00e1rios Farm\u00e1cia<\/span>\n\t\t\t\t\t\t\t<\/span>\n\t\t\t\t\t\t\t\t\t\t\t<span class=\"wpr-toggle-icon wpr-ti-close\"><i aria-hidden=\"true\" class=\"fas fa-plus\"><\/i><\/span>\n\t\t\t\t<span class=\"wpr-toggle-icon wpr-ti-open\"><i aria-hidden=\"true\" class=\"fas fa-minus\"><\/i><\/span>\n\t\t\t\t\t\t\t\t\t<\/button>\n\n\t\t\t\t\t\t<div class=\"wpr-acc-panel\">\n\t\t\t\t\t\t\t\t\t\t\t\t\t\t\t<div class=\"wpr-acc-panel-content\"><p><a href=\"\/wp-content\/uploads\/PROCESSOSELETIVO\/2025\/Processo-Seletivo-n\u00ba-22-Estagi\u00e1rios-Farm\u00e1cia\/Edital-de-Abertura-no-01.2025.pdf\" target=\"_blank\" rel=\"noopener\">Edital de Abertura n\u00ba 01\/2025<\/a><\/p><p><a href=\"\/wp-content\/uploads\/PROCESSOSELETIVO\/2025\/Processo-Seletivo-n\u00ba-22-Estagi\u00e1rios-Farm\u00e1cia\/Edital-no-02_Divulga-Classificacao-Final.pdf\" target=\"_blank\" rel=\"noopener\">Edital n\u00ba 02\/2026_Divulga a classifica\u00e7\u00e3o final<\/a><\/p><\/div>\n\t\t\t\t\t\t\t\t\t\t\t\t\t<\/div>\n                    <\/div>\n\n                \n\t\t\t\t\t<div class=\"wpr-accordion-item-wrap\">\n\t\t\t\t\t\t<button class=\"wpr-acc-button\">\n\t\t\t\t\t\t\t<span class=\"wpr-acc-item-title\">\n\t\t\t\t\t\t\t\t\t\t\t\t\t\t\t\t\t<div class=\"wpr-acc-icon-box\">\n\t\t\t\t\t\t\t\t\t\t\t\t\t\t<span class=\"wpr-title-icon\">\n\t\t\t\t\t<i aria-hidden=\"true\" class=\"far fa-edit\"><\/i>\t\t\t\t<\/span>\n\t\t\t\t\t\t\t\t\t\t\t\t<\/div>\n\t\t\t\t\t\t\t\t\n\t\t\t\t\t\t\t\t<span class=\"wpr-acc-title-text\">Processo Seletivo n\u00ba 23 - Fonoaudi\u00f3logo<\/span>\n\t\t\t\t\t\t\t<\/span>\n\t\t\t\t\t\t\t\t\t\t\t<span class=\"wpr-toggle-icon wpr-ti-close\"><i aria-hidden=\"true\" class=\"fas fa-plus\"><\/i><\/span>\n\t\t\t\t<span class=\"wpr-toggle-icon wpr-ti-open\"><i aria-hidden=\"true\" class=\"fas fa-minus\"><\/i><\/span>\n\t\t\t\t\t\t\t\t\t<\/button>\n\n\t\t\t\t\t\t<div class=\"wpr-acc-panel\">\n\t\t\t\t\t\t\t\t\t\t\t\t\t\t\t<div class=\"wpr-acc-panel-content\"><p><a href=\"\/wp-content\/uploads\/PROCESSOSELETIVO\/2025\/Processo-Seletivo-n\u00ba-23-Fonoaudi\u00f3logo\/Edital-de-Abertura-no-01.pdf\" target=\"_blank\" rel=\"noopener\">Edital de Abertura n\u00ba 01\/2025<\/a><\/p><p><a href=\"\/wp-content\/uploads\/PROCESSOSELETIVO\/2025\/Processo-Seletivo-n\u00ba-23-Fonoaudi\u00f3logo\/Edital-no-02_Divulga-Lista-Preliminar-de-Inscritos.pdf\" target=\"_blank\" rel=\"noopener\">Edital n\u00ba 02\/2025 - Divulga Lista Preliminar de Inscritos<\/a><\/p><p><a href=\"\/wp-content\/uploads\/PROCESSOSELETIVO\/2025\/Processo-Seletivo-n\u00ba-23-Fonoaudi\u00f3logo\/Edital-no-03_Divulga-Resultado-dos-Recursos-e-Homologacao-do-Resultado-Final.pdf\" target=\"_blank\" rel=\"noopener\">Edital n\u00ba 03\/2025 - Divulga Resultado dos Recursos e Homologa\u00e7\u00e3o do Resultado Final<\/a><\/p><\/div>\n\t\t\t\t\t\t\t\t\t\t\t\t\t<\/div>\n                    <\/div>\n\n                \n\t\t\t\t\t<div class=\"wpr-accordion-item-wrap\">\n\t\t\t\t\t\t<button class=\"wpr-acc-button\">\n\t\t\t\t\t\t\t<span class=\"wpr-acc-item-title\">\n\t\t\t\t\t\t\t\t\t\t\t\t\t\t\t\t\t<div class=\"wpr-acc-icon-box\">\n\t\t\t\t\t\t\t\t\t\t\t\t\t\t<span class=\"wpr-title-icon\">\n\t\t\t\t\t<i aria-hidden=\"true\" class=\"far fa-edit\"><\/i>\t\t\t\t<\/span>\n\t\t\t\t\t\t\t\t\t\t\t\t<\/div>\n\t\t\t\t\t\t\t\t\n\t\t\t\t\t\t\t\t<span class=\"wpr-acc-title-text\">Processo Seletivo n\u00ba 24 - SMEC 2026<\/span>\n\t\t\t\t\t\t\t<\/span>\n\t\t\t\t\t\t\t\t\t\t\t<span class=\"wpr-toggle-icon wpr-ti-close\"><i aria-hidden=\"true\" class=\"fas fa-plus\"><\/i><\/span>\n\t\t\t\t<span class=\"wpr-toggle-icon wpr-ti-open\"><i aria-hidden=\"true\" class=\"fas fa-minus\"><\/i><\/span>\n\t\t\t\t\t\t\t\t\t<\/button>\n\n\t\t\t\t\t\t<div class=\"wpr-acc-panel\">\n\t\t\t\t\t\t\t\t\t\t\t\t\t\t\t<div class=\"wpr-acc-panel-content\"><p><a href=\"\/wp-content\/uploads\/PROCESSOSELETIVO\/2025\/Processo-Seletivo-n\u00ba-24-SMEC-2026\/Edital-de-Abertura-no-01.pdf\" target=\"_blank\" rel=\"noopener\">Edital de Abertura n\u00ba 01\/2025<\/a><\/p><p><a href=\"\/wp-content\/uploads\/PROCESSOSELETIVO\/2025\/Processo-Seletivo-n\u00ba-24-SMEC-2026\/Edital-no-02-Retifica-edital-de-abertura.pdf\" target=\"_blank\" rel=\"noopener\">Edital n\u00ba 02\/2025 - Retifica Edital de Abertura n\u00ba 01\/2025 - Prorroga Inscri\u00e7\u00f5es<\/a><\/p><p><a href=\"\/wp-content\/uploads\/PROCESSOSELETIVO\/2025\/Processo-Seletivo-n\u00ba-24-SMEC-2026\/Edital-no-03-Resultado-Parcial.pdf\">Edital n\u00ba 03\/2025 - Divulga resultado parcial<\/a><\/p><p><a href=\"\/wp-content\/uploads\/PROCESSOSELETIVO\/2025\/Processo-Seletivo-n\u00ba-24-SMEC-2026\/Edital-no-04-Resultado-Final.pdf\">Edital n\u00ba 04\/2025 - Divulga resultado final<\/a><\/p><\/div>\n\t\t\t\t\t\t\t\t\t\t\t\t\t<\/div>\n                    <\/div>\n\n                            <\/div>\n        \t\t\t\t<\/div>\n\t\t\t\t<\/div>\n\t\t\t\t\t<\/div>\n\t\t<\/div>\n\t\t\t\t\t<\/div>\n\t\t<\/section>\n\t\t\t\t<section class=\"elementor-section elementor-top-section elementor-element elementor-element-416fa70 elementor-section-height-min-height elementor-hidden-tablet elementor-hidden-mobile elementor-section-boxed elementor-section-height-default elementor-section-items-middle wpr-particle-no wpr-jarallax-no wpr-parallax-no wpr-sticky-section-no wpr-equal-height-no\" data-id=\"416fa70\" data-element_type=\"section\" data-e-type=\"section\" data-settings=\"{&quot;background_background&quot;:&quot;classic&quot;,&quot;shape_divider_top&quot;:&quot;mountains&quot;}\">\n\t\t\t\t\t<div class=\"elementor-shape elementor-shape-top\" aria-hidden=\"true\" data-negative=\"false\">\n\t\t\t<svg xmlns=\"http:\/\/www.w3.org\/2000\/svg\" viewBox=\"0 0 1000 100\" preserveAspectRatio=\"none\">\n\t<path class=\"elementor-shape-fill\" opacity=\"0.33\" d=\"M473,67.3c-203.9,88.3-263.1-34-320.3,0C66,119.1,0,59.7,0,59.7V0h1000v59.7 c0,0-62.1,26.1-94.9,29.3c-32.8,3.3-62.8-12.3-75.8-22.1C806,49.6,745.3,8.7,694.9,4.7S492.4,59,473,67.3z\"\/>\n\t<path class=\"elementor-shape-fill\" opacity=\"0.66\" d=\"M734,67.3c-45.5,0-77.2-23.2-129.1-39.1c-28.6-8.7-150.3-10.1-254,39.1 s-91.7-34.4-149.2,0C115.7,118.3,0,39.8,0,39.8V0h1000v36.5c0,0-28.2-18.5-92.1-18.5C810.2,18.1,775.7,67.3,734,67.3z\"\/>\n\t<path class=\"elementor-shape-fill\" d=\"M766.1,28.9c-200-57.5-266,65.5-395.1,19.5C242,1.8,242,5.4,184.8,20.6C128,35.8,132.3,44.9,89.9,52.5C28.6,63.7,0,0,0,0 h1000c0,0-9.9,40.9-83.6,48.1S829.6,47,766.1,28.9z\"\/>\n<\/svg>\t\t<\/div>\n\t\t\t\t\t<div class=\"elementor-container elementor-column-gap-default\">\n\t\t\t\t\t<div class=\"elementor-column elementor-col-50 elementor-top-column elementor-element elementor-element-7c70ed6\" data-id=\"7c70ed6\" data-element_type=\"column\" data-e-type=\"column\">\n\t\t\t<div class=\"elementor-widget-wrap elementor-element-populated\">\n\t\t\t\t\t\t<div class=\"elementor-element elementor-element-f32f460 elementor-widget elementor-widget-spacer\" data-id=\"f32f460\" data-element_type=\"widget\" data-e-type=\"widget\" data-widget_type=\"spacer.default\">\n\t\t\t\t<div class=\"elementor-widget-container\">\n\t\t\t\t\t\t\t<div class=\"elementor-spacer\">\n\t\t\t<div class=\"elementor-spacer-inner\"><\/div>\n\t\t<\/div>\n\t\t\t\t\t\t<\/div>\n\t\t\t\t<\/div>\n\t\t\t\t<div class=\"elementor-element elementor-element-1143189 elementor-widget elementor-widget-spacer\" data-id=\"1143189\" data-element_type=\"widget\" data-e-type=\"widget\" data-widget_type=\"spacer.default\">\n\t\t\t\t<div class=\"elementor-widget-container\">\n\t\t\t\t\t\t\t<div class=\"elementor-spacer\">\n\t\t\t<div class=\"elementor-spacer-inner\"><\/div>\n\t\t<\/div>\n\t\t\t\t\t\t<\/div>\n\t\t\t\t<\/div>\n\t\t\t\t<div class=\"elementor-element elementor-element-d152f8c elementor-widget elementor-widget-spacer\" data-id=\"d152f8c\" data-element_type=\"widget\" data-e-type=\"widget\" data-widget_type=\"spacer.default\">\n\t\t\t\t<div class=\"elementor-widget-container\">\n\t\t\t\t\t\t\t<div class=\"elementor-spacer\">\n\t\t\t<div class=\"elementor-spacer-inner\"><\/div>\n\t\t<\/div>\n\t\t\t\t\t\t<\/div>\n\t\t\t\t<\/div>\n\t\t\t\t<div class=\"elementor-element elementor-element-7d2fd3f elementor-widget elementor-widget-text-editor\" data-id=\"7d2fd3f\" data-element_type=\"widget\" data-e-type=\"widget\" data-widget_type=\"text-editor.default\">\n\t\t\t\t<div class=\"elementor-widget-container\">\n\t\t\t\t\t\t\t\t\t<p>Hor\u00e1rio de Funcionamento:<br \/>Segunda a Quinta das 12:30 \u00e0s 18:30<br \/>Sexta-feira das 7:30 \u00e0s 13:30<\/p><p>Av. Independ\u00eancia, 800 &#8211; Campo Bom \/ RS\u00a0<\/p><p>CEP 93700-000 \/ (51) 3598.8600<\/p>\t\t\t\t\t\t\t\t<\/div>\n\t\t\t\t<\/div>\n\t\t\t\t\t<\/div>\n\t\t<\/div>\n\t\t\t\t<div class=\"elementor-column elementor-col-50 elementor-top-column elementor-element elementor-element-8f89012\" data-id=\"8f89012\" data-element_type=\"column\" data-e-type=\"column\">\n\t\t\t<div class=\"elementor-widget-wrap elementor-element-populated\">\n\t\t\t\t\t\t<div class=\"elementor-element elementor-element-bc17d53 elementor-widget elementor-widget-spacer\" data-id=\"bc17d53\" data-element_type=\"widget\" data-e-type=\"widget\" data-widget_type=\"spacer.default\">\n\t\t\t\t<div class=\"elementor-widget-container\">\n\t\t\t\t\t\t\t<div class=\"elementor-spacer\">\n\t\t\t<div class=\"elementor-spacer-inner\"><\/div>\n\t\t<\/div>\n\t\t\t\t\t\t<\/div>\n\t\t\t\t<\/div>\n\t\t\t\t<div class=\"elementor-element elementor-element-439523f elementor-widget elementor-widget-spacer\" data-id=\"439523f\" data-element_type=\"widget\" data-e-type=\"widget\" data-widget_type=\"spacer.default\">\n\t\t\t\t<div class=\"elementor-widget-container\">\n\t\t\t\t\t\t\t<div class=\"elementor-spacer\">\n\t\t\t<div class=\"elementor-spacer-inner\"><\/div>\n\t\t<\/div>\n\t\t\t\t\t\t<\/div>\n\t\t\t\t<\/div>\n\t\t\t\t<div class=\"elementor-element elementor-element-55b9b13 elementor-shape-circle elementor-grid-0 e-grid-align-center elementor-widget elementor-widget-social-icons\" data-id=\"55b9b13\" data-element_type=\"widget\" data-e-type=\"widget\" data-widget_type=\"social-icons.default\">\n\t\t\t\t<div class=\"elementor-widget-container\">\n\t\t\t\t\t\t\t<div class=\"elementor-social-icons-wrapper elementor-grid\" role=\"list\">\n\t\t\t\t\t\t\t<span class=\"elementor-grid-item\" role=\"listitem\">\n\t\t\t\t\t<a class=\"elementor-icon elementor-social-icon elementor-social-icon-facebook elementor-repeater-item-2c68855\" href=\"https:\/\/pt-br.facebook.com\/prefeituradecampobom\" target=\"_blank\">\n\t\t\t\t\t\t<span class=\"elementor-screen-only\">Facebook<\/span>\n\t\t\t\t\t\t<i aria-hidden=\"true\" class=\"fab fa-facebook\"><\/i>\t\t\t\t\t<\/a>\n\t\t\t\t<\/span>\n\t\t\t\t\t\t\t<span class=\"elementor-grid-item\" role=\"listitem\">\n\t\t\t\t\t<a class=\"elementor-icon elementor-social-icon elementor-social-icon-twitter elementor-repeater-item-fee35a3\" href=\"https:\/\/twitter.com\/PrefCampoBom\" target=\"_blank\">\n\t\t\t\t\t\t<span class=\"elementor-screen-only\">Twitter<\/span>\n\t\t\t\t\t\t<i aria-hidden=\"true\" class=\"fab fa-twitter\"><\/i>\t\t\t\t\t<\/a>\n\t\t\t\t<\/span>\n\t\t\t\t\t\t\t<span class=\"elementor-grid-item\" role=\"listitem\">\n\t\t\t\t\t<a class=\"elementor-icon elementor-social-icon elementor-social-icon-youtube elementor-repeater-item-4a14213\" href=\"https:\/\/www.youtube.com\/user\/imprensacb1\" target=\"_blank\">\n\t\t\t\t\t\t<span class=\"elementor-screen-only\">Youtube<\/span>\n\t\t\t\t\t\t<i aria-hidden=\"true\" class=\"fab fa-youtube\"><\/i>\t\t\t\t\t<\/a>\n\t\t\t\t<\/span>\n\t\t\t\t\t\t\t<span class=\"elementor-grid-item\" role=\"listitem\">\n\t\t\t\t\t<a class=\"elementor-icon elementor-social-icon elementor-social-icon-instagram elementor-repeater-item-630abc8\" target=\"_blank\">\n\t\t\t\t\t\t<span class=\"elementor-screen-only\">Instagram<\/span>\n\t\t\t\t\t\t<i aria-hidden=\"true\" class=\"fab fa-instagram\"><\/i>\t\t\t\t\t<\/a>\n\t\t\t\t<\/span>\n\t\t\t\t\t<\/div>\n\t\t\t\t\t\t<\/div>\n\t\t\t\t<\/div>\n\t\t\t\t<div class=\"elementor-element elementor-element-3ccadb5 elementor-widget elementor-widget-image\" data-id=\"3ccadb5\" data-element_type=\"widget\" data-e-type=\"widget\" data-widget_type=\"image.default\">\n\t\t\t\t<div class=\"elementor-widget-container\">\n\t\t\t\t\t\t\t\t\t\t\t\t\t\t\t<img decoding=\"async\" width=\"150\" height=\"150\" src=\"https:\/\/publicacoes.campobom.rs.gov.br\/wp-content\/uploads\/2023\/03\/pmcb_BRASA\u0192O_negativo-branco-150x150.png\" class=\"attachment-thumbnail size-thumbnail wp-image-30\" alt=\"\" srcset=\"https:\/\/publicacoes.campobom.rs.gov.br\/wp-content\/uploads\/2023\/03\/pmcb_BRASA\u0192O_negativo-branco-150x150.png 150w, https:\/\/publicacoes.campobom.rs.gov.br\/wp-content\/uploads\/2023\/03\/pmcb_BRASA\u0192O_negativo-branco-300x300.png 300w, https:\/\/publicacoes.campobom.rs.gov.br\/wp-content\/uploads\/2023\/03\/pmcb_BRASA\u0192O_negativo-branco-1024x1024.png 1024w, https:\/\/publicacoes.campobom.rs.gov.br\/wp-content\/uploads\/2023\/03\/pmcb_BRASA\u0192O_negativo-branco-768x768.png 768w, https:\/\/publicacoes.campobom.rs.gov.br\/wp-content\/uploads\/2023\/03\/pmcb_BRASA\u0192O_negativo-branco-1536x1536.png 1536w, https:\/\/publicacoes.campobom.rs.gov.br\/wp-content\/uploads\/2023\/03\/pmcb_BRASA\u0192O_negativo-branco-2048x2048.png 2048w, https:\/\/publicacoes.campobom.rs.gov.br\/wp-content\/uploads\/2023\/03\/pmcb_BRASA\u0192O_negativo-branco-242x242.png 242w\" sizes=\"(max-width: 150px) 100vw, 150px\" \/>\t\t\t\t\t\t\t\t\t\t\t\t\t\t\t<\/div>\n\t\t\t\t<\/div>\n\t\t\t\t\t<\/div>\n\t\t<\/div>\n\t\t\t\t\t<\/div>\n\t\t<\/section>\n\t\t\t\t<section class=\"elementor-section elementor-top-section elementor-element elementor-element-c7dec44 elementor-section-boxed elementor-section-height-default elementor-section-height-default wpr-particle-no wpr-jarallax-no wpr-parallax-no wpr-sticky-section-no wpr-equal-height-no\" data-id=\"c7dec44\" data-element_type=\"section\" data-e-type=\"section\">\n\t\t\t\t\t\t<div class=\"elementor-container elementor-column-gap-default\">\n\t\t\t\t\t<div class=\"elementor-column elementor-col-100 elementor-top-column elementor-element elementor-element-ca053e0\" data-id=\"ca053e0\" data-element_type=\"column\" data-e-type=\"column\">\n\t\t\t<div class=\"elementor-widget-wrap\">\n\t\t\t\t\t\t\t<\/div>\n\t\t<\/div>\n\t\t\t\t\t<\/div>\n\t\t<\/section>\n\t\t\t\t<section class=\"elementor-section elementor-top-section elementor-element elementor-element-794aca4 elementor-section-boxed elementor-section-height-default elementor-section-height-default wpr-particle-no wpr-jarallax-no wpr-parallax-no wpr-sticky-section-no wpr-equal-height-no\" data-id=\"794aca4\" data-element_type=\"section\" data-e-type=\"section\">\n\t\t\t\t\t\t<div class=\"elementor-container elementor-column-gap-default\">\n\t\t\t\t\t<div class=\"elementor-column elementor-col-100 elementor-top-column elementor-element elementor-element-94d7488\" data-id=\"94d7488\" data-element_type=\"column\" data-e-type=\"column\">\n\t\t\t<div class=\"elementor-widget-wrap elementor-element-populated\">\n\t\t\t\t\t\t<section class=\"elementor-section elementor-inner-section elementor-element elementor-element-28212d0 elementor-section-boxed elementor-section-height-default elementor-section-height-default wpr-particle-no wpr-jarallax-no wpr-parallax-no wpr-sticky-section-no wpr-equal-height-no\" data-id=\"28212d0\" data-element_type=\"section\" data-e-type=\"section\">\n\t\t\t\t\t\t<div class=\"elementor-container elementor-column-gap-default\">\n\t\t\t\t\t<div class=\"elementor-column elementor-col-50 elementor-inner-column elementor-element elementor-element-1ef8e08\" data-id=\"1ef8e08\" data-element_type=\"column\" data-e-type=\"column\">\n\t\t\t<div class=\"elementor-widget-wrap\">\n\t\t\t\t\t\t\t<\/div>\n\t\t<\/div>\n\t\t\t\t<div class=\"elementor-column elementor-col-50 elementor-inner-column elementor-element elementor-element-9dd976c\" data-id=\"9dd976c\" data-element_type=\"column\" data-e-type=\"column\">\n\t\t\t<div class=\"elementor-widget-wrap\">\n\t\t\t\t\t\t\t<\/div>\n\t\t<\/div>\n\t\t\t\t\t<\/div>\n\t\t<\/section>\n\t\t\t\t\t<\/div>\n\t\t<\/div>\n\t\t\t\t\t<\/div>\n\t\t<\/section>\n\t\t\t\t<\/div>\n\t\t","protected":false},"excerpt":{"rendered":"<p>Ano 2025 Processo Seletivo n\u00ba 01 &#8211; SMEC Edital de Abertura n\u00ba 01\/2025 Edital n\u00ba 02\/2025 &#8211; Retifica Edital de Abertura n\u00ba 01\/2025 Edital n\u00ba 03\/2025 &#8211; Divulga Lista Preliminar de Inscritos Edital n\u00ba 04\/2025 &#8211; Divulga Resultado Final Edital n\u00ba 05\/2025 &#8211; Retifica Edital n\u00ba 04 que divulgou o Resultado Final Edital n\u00ba 06\/2025 &#8211; Retifica Edital n\u00ba 05 que divulgou o Resultado Final Edital n\u00ba 07\/2025 &#8211; Retifica Anexo I do Edital de Abertura n\u00ba 01\/2025 Processo Seletivo n\u00ba 02 &#8211; Estagi\u00e1rios SMEC e ADM Edital de Abertura n\u00ba 01\/2025 Edital n\u00ba 02\/2025 &#8211; Prorroga Inscri\u00e7\u00f5es Edital n\u00ba 03\/2025 &#8211; Divulga Classifica\u00e7\u00e3o Final Edital n\u00ba 04\/2025 &#8211; Retifica Edital n\u00ba 03 que divulgou a Classifica\u00e7\u00e3o Final Processo Seletivo n\u00ba 03 &#8211; Estagi\u00e1rios Farm\u00e1cia Edital de Abertura n\u00ba 01\/2025 Edital n\u00ba 02\/2025_Divulga Classifica\u00e7\u00e3o Final Processo Seletivo n\u00ba 04 &#8211; Estagi\u00e1rios Farm\u00e1cia Edital de Abertura n\u00ba 01\/2025 Edital n\u00ba 02\/2025 &#8211; Divulga Classifica\u00e7\u00e3o Final Processo Seletivo n\u00ba 05 &#8211; Guia Int\u00e9rprete de Braille Edital de Abertura n\u00ba 01\/2025 Edital n\u00ba 02\/2025_Divulga Lista Preliminar de Inscritos Edital n\u00ba 03\/2025_Divulga Resultado Final Processo Seletivo n\u00ba 06 &#8211; Estagi\u00e1rios Vigil\u00e2ncia Epidemiol\u00f3gica Edital de Abertura n\u00ba 01\/2025 Edital n\u00ba 02\/2025_Divulga Classifica\u00e7\u00e3o Final Processo Seletivo n\u00ba 07 &#8211; M\u00e9dicos Edital de Abertura n\u00ba 01\/2025 Edital n\u00ba 02\/2025_Divulga Resultado Preliminar Edital n\u00ba 03\/2025_Divulga Resultado Recursos e Resultado Final Processo Seletivo n\u00ba 08 &#8211; Fonoaudi\u00f3logo Edital de Abertura n\u00ba 01\/2025 Edital n\u00ba 02\/2025 &#8211; Divulga Lista Preliminar de Inscritos Edital n\u00ba 03\/2025 &#8211; Divulga Resultado Final Processo Seletivo n\u00ba 09 &#8211; Estagi\u00e1rios Educa\u00e7\u00e3o F\u00edsica Edital de Abertura n\u00ba 01\/2025 Edital\u00a0 n\u00ba 02\/2025 &#8211; Retifica Edital de Abertura Edital\u00a0 n\u00ba 03\/2025 -Divulga Classifica\u00e7\u00e3o Final Processo Seletivo n\u00ba 10 &#8211; Estagi\u00e1rios Farm\u00e1cia Edital de Abertura n\u00ba 01\/2025 Edital n\u00ba 02\/2025 &#8211; Divulga Classifica\u00e7\u00e3o Final Processo Seletivo n\u00ba 11 &#8211; SMEC Edital de Abertura n\u00ba 01\/2025 Edital n\u00ba 02\/2025 &#8211; Prorroga inscri\u00e7\u00f5es e altera Edital de Abertura n\u00ba 01\/2025 Edital n\u00ba 03\/2025 &#8211; Divulga a lista preliminar de inscritos Edital n\u00ba 04\/2025 &#8211; Divulga Resultado Parcial Edital n\u00ba 05\/2025 -Divulga Resultado Final Processo Seletivo n\u00ba 12 &#8211; Estagi\u00e1rios SMEC e ADM Edital de Abertura n\u00ba 01\/2025 Edital n\u00ba 02\/2025 &#8211; Prorroga Inscri\u00e7\u00f5es Edital n\u00ba 03\/2025 &#8211; Divulga Classifica\u00e7\u00e3o Provis\u00f3ria Edital n\u00ba 04\/2025 &#8211; Divulga Classifica\u00e7\u00e3o Final Processo Seletivo n\u00ba 13 &#8211; Estagi\u00e1rios Farm\u00e1cia Edital de Abertura n\u00ba 01\/2025 Edital n\u00ba 02\/2025_Divulga Classifica\u00e7\u00e3o Final Processo Seletivo n\u00ba 14 &#8211; Diretor de Escola Edital de Abertura n\u00ba 01\/2025 Edital n\u00ba 02\/2025 &#8211; Retifica Edital de Abertura n\u00ba 01\/2025 Edital n\u00ba 03\/2025 &#8211; Divulga Lista Preliminar de Inscritos Edital n\u00ba 04\/2025 &#8211; Divulga Lista de Homologa\u00e7\u00e3o das Inscri\u00e7\u00f5es Edital n\u00ba 05\/2025 &#8211; Retifica Edital de Abertura n\u00ba 01\/2025 Edital n\u00ba 06\/2025 &#8211; Retifica Edital de Abertura n\u00ba 01\/2025 Edital n\u00ba 07\/2025 &#8211; Divulga Resultado da An\u00e1lise dos Planos de Gest\u00e3o Edital n\u00ba 08\/2025 &#8211; Retifica o Edital n\u00ba 07\/2025 Edital n\u00ba 09\/2025 &#8211; Divulga Homologa\u00e7\u00e3o dos Planos de Gest\u00e3o aptos para an\u00e1lise da comunidade escolar Edital n\u00ba 10\/2025 &#8211; Retifica o Edital n\u00ba 09\/2025 Edital n\u00ba 11\/2025 &#8211; Divulga os candidatos escolhidos para ocupar a fun\u00e7\u00e3o de Diretor de Escola Processo Seletivo n\u00ba 15 &#8211; PIM e Crian\u00e7a Feliz Edital de Abertura n\u00ba 01\/2025 Edital n\u00ba 02\/2025 &#8211; Divulga Resultado Parcial Edital n\u00ba 03\/2025 &#8211; Divulga Resultado Recursos e Resultado Final Processo Seletivo n\u00ba 16 &#8211; Estagi\u00e1rios Biomedicina, Enfermagem, Nutri\u00e7\u00e3o e Odonto Edital de Abertura n\u00ba 01\/2025 Edital n\u00ba 02\/2025 &#8211; Divulga Classifica\u00e7\u00e3o Final Processo Seletivo n\u00ba 17 &#8211; Estagi\u00e1rios SMEC e ADM Edital de Abertura n\u00ba 01\/2025 Edital n\u00ba 02\/2025 &#8211; Retifica Edital de Abertura n\u00ba 01\/2025 Edital n\u00ba 03\/2025 &#8211; Divulga Classifica\u00e7\u00e3o Provis\u00f3ria Edital n\u00ba 04\/2025 &#8211; Divulga Classifica\u00e7\u00e3o Final\u00a0 Processo Seletivo n\u00ba 18 &#8211; Estagi\u00e1rios Farm\u00e1cia Edital de Abertura n\u00ba 01\/2025 Edital n\u00ba 02\/2025 &#8211; Divulga Classifica\u00e7\u00e3o Final Processo Seletivo n\u00ba 19 &#8211; Auxiliar em Sa\u00fade Bucal Edital de Abertura n\u00ba 01\/2025 Edital n\u00ba 02\/2025 &#8211; Divulga Lista Preliminar de Inscritos Edital n\u00ba 03\/2025 &#8211; Divulga Resultado Final Edital n\u00ba 04\/2025 &#8211; Divulga Resultado Final &#8211; Ap\u00f3s Recurso Processo Seletivo n\u00ba 20 &#8211; Formadores Municipais &#8211; PROLEEI Edital de Abertura n\u00ba 01\/2025 Edital n\u00ba 02\/2025_Divulga Lista Preliminar de Inscritos Edital n\u00ba 03\/2025_Divulga Lista Final de Homologa\u00e7\u00e3o dos Inscritos Processo Seletivo n\u00ba 21 &#8211; T\u00e9cnico em Enfermagem Edital de Abertura n\u00ba 01\/2025 Edital n\u00ba 02\/2025 &#8211; Divulga resultado preliminar\u00a0 Edital n\u00ba 03\/2025 &#8211; Divulga resultado dos recursos e homologa\u00e7\u00e3o do resultado final Processo Seletivo n\u00ba 22 &#8211; Estagi\u00e1rios Farm\u00e1cia Edital de Abertura n\u00ba 01\/2025 Edital n\u00ba 02\/2026_Divulga a classifica\u00e7\u00e3o final Processo Seletivo n\u00ba 23 &#8211; Fonoaudi\u00f3logo Edital de Abertura n\u00ba 01\/2025 Edital n\u00ba 02\/2025 &#8211; Divulga Lista Preliminar de Inscritos Edital n\u00ba 03\/2025 &#8211; Divulga Resultado dos Recursos e Homologa\u00e7\u00e3o do Resultado Final Processo Seletivo n\u00ba 24 &#8211; SMEC 2026 Edital de Abertura n\u00ba 01\/2025 Edital n\u00ba 02\/2025 &#8211; Retifica Edital de Abertura n\u00ba 01\/2025 &#8211; Prorroga Inscri\u00e7\u00f5es Edital n\u00ba 03\/2025 &#8211; Divulga resultado parcial Edital n\u00ba 04\/2025 &#8211; Divulga resultado final Hor\u00e1rio de Funcionamento:Segunda a Quinta das 12:30 \u00e0s 18:30Sexta-feira das 7:30 \u00e0s 13:30 Av. Independ\u00eancia, 800 &#8211; Campo Bom \/ RS\u00a0 CEP 93700-000 \/ (51) 3598.8600 Facebook Twitter Youtube Instagram<\/p>\n","protected":false},"author":1,"featured_media":0,"parent":0,"menu_order":0,"comment_status":"closed","ping_status":"closed","template":"","meta":{"site-sidebar-layout":"no-sidebar","site-content-layout":"page-builder","ast-site-content-layout":"full-width-container","site-content-style":"unboxed","site-sidebar-style":"unboxed","ast-global-header-display":"","ast-banner-title-visibility":"","ast-main-header-display":"","ast-hfb-above-header-display":"","ast-hfb-below-header-display":"","ast-hfb-mobile-header-display":"","site-post-title":"disabled","ast-breadcrumbs-content":"","ast-featured-img":"disabled","footer-sml-layout":"disabled","ast-disable-related-posts":"","theme-transparent-header-meta":"disabled","adv-header-id-meta":"","stick-header-meta":"","header-above-stick-meta":"","header-main-stick-meta":"","header-below-stick-meta":"","astra-migrate-meta-layouts":"set","ast-page-background-enabled":"default","ast-page-background-meta":{"desktop":{"background-color":"var(--ast-global-color-4)","background-image":"","background-repeat":"repeat","background-position":"center center","background-size":"auto","background-attachment":"scroll","background-type":"","background-media":"","overlay-type":"","overlay-color":"","overlay-opacity":"","overlay-gradient":""},"tablet":{"background-color":"","background-image":"","background-repeat":"repeat","background-position":"center center","background-size":"auto","background-attachment":"scroll","background-type":"","background-media":"","overlay-type":"","overlay-color":"","overlay-opacity":"","overlay-gradient":""},"mobile":{"background-color":"","background-image":"","background-repeat":"repeat","background-position":"center center","background-size":"auto","background-attachment":"scroll","background-type":"","background-media":"","overlay-type":"","overlay-color":"","overlay-opacity":"","overlay-gradient":""}},"ast-content-background-meta":{"desktop":{"background-color":"var(--ast-global-color-5)","background-image":"","background-repeat":"repeat","background-position":"center center","background-size":"auto","background-attachment":"scroll","background-type":"","background-media":"","overlay-type":"","overlay-color":"","overlay-opacity":"","overlay-gradient":""},"tablet":{"background-color":"var(--ast-global-color-5)","background-image":"","background-repeat":"repeat","background-position":"center center","background-size":"auto","background-attachment":"scroll","background-type":"","background-media":"","overlay-type":"","overlay-color":"","overlay-opacity":"","overlay-gradient":""},"mobile":{"background-color":"var(--ast-global-color-5)","background-image":"","background-repeat":"repeat","background-position":"center center","background-size":"auto","background-attachment":"scroll","background-type":"","background-media":"","overlay-type":"","overlay-color":"","overlay-opacity":"","overlay-gradient":""}},"footnotes":""},"class_list":["post-3224","page","type-page","status-publish","hentry"],"_links":{"self":[{"href":"https:\/\/publicacoes.campobom.rs.gov.br\/index.php?rest_route=\/wp\/v2\/pages\/3224","targetHints":{"allow":["GET"]}}],"collection":[{"href":"https:\/\/publicacoes.campobom.rs.gov.br\/index.php?rest_route=\/wp\/v2\/pages"}],"about":[{"href":"https:\/\/publicacoes.campobom.rs.gov.br\/index.php?rest_route=\/wp\/v2\/types\/page"}],"author":[{"embeddable":true,"href":"https:\/\/publicacoes.campobom.rs.gov.br\/index.php?rest_route=\/wp\/v2\/users\/1"}],"replies":[{"embeddable":true,"href":"https:\/\/publicacoes.campobom.rs.gov.br\/index.php?rest_route=%2Fwp%2Fv2%2Fcomments&post=3224"}],"version-history":[{"count":295,"href":"https:\/\/publicacoes.campobom.rs.gov.br\/index.php?rest_route=\/wp\/v2\/pages\/3224\/revisions"}],"predecessor-version":[{"id":4425,"href":"https:\/\/publicacoes.campobom.rs.gov.br\/index.php?rest_route=\/wp\/v2\/pages\/3224\/revisions\/4425"}],"wp:attachment":[{"href":"https:\/\/publicacoes.campobom.rs.gov.br\/index.php?rest_route=%2Fwp%2Fv2%2Fmedia&parent=3224"}],"curies":[{"name":"wp","href":"https:\/\/api.w.org\/{rel}","templated":true}]}}